{"id":9,"date":"2025-02-13T09:51:02","date_gmt":"2025-02-13T12:51:02","guid":{"rendered":"http:\/\/fondcf.andifes.org.br\/?page_id=9"},"modified":"2025-11-03T16:49:50","modified_gmt":"2025-11-03T19:49:50","slug":"home","status":"publish","type":"page","link":"https:\/\/fondcf.andifes.org.br\/","title":{"rendered":"Home"},"content":{"rendered":"\t\t<div data-elementor-type=\"wp-page\" data-elementor-id=\"9\" class=\"elementor elementor-9\">\n\t\t\t\t<div class=\"elementor-element elementor-element-103a1d5 e-flex e-con-boxed e-con e-parent\" data-id=\"103a1d5\" data-element_type=\"container\" data-settings=\"{&quot;background_background&quot;:&quot;classic&quot;}\">\n\t\t\t\t\t<div class=\"e-con-inner\">\n\t\t<div class=\"elementor-element elementor-element-956cd60 e-flex e-con-boxed e-con e-child\" data-id=\"956cd60\" data-element_type=\"container\">\n\t\t\t\t\t<div class=\"e-con-inner\">\n\t\t<div class=\"elementor-element elementor-element-9a52ff2 e-flex e-con-boxed e-con e-child\" data-id=\"9a52ff2\" data-element_type=\"container\">\n\t\t\t\t\t<div class=\"e-con-inner\">\n\t\t\t\t<div class=\"elementor-element elementor-element-23cc358 elementor-widget elementor-widget-heading\" data-id=\"23cc358\" data-element_type=\"widget\" data-widget_type=\"heading.default\">\n\t\t\t\t<div class=\"elementor-widget-container\">\n\t\t\t\t\t<h2 class=\"elementor-heading-title elementor-size-default\">Sejam bem vindos ao FONDCF<\/h2>\t\t\t\t<\/div>\n\t\t\t\t<\/div>\n\t\t\t\t<div class=\"elementor-element elementor-element-7368633 elementor-widget elementor-widget-text-editor\" data-id=\"7368633\" data-element_type=\"widget\" data-widget_type=\"text-editor.default\">\n\t\t\t\t<div class=\"elementor-widget-container\">\n\t\t\t\t\t\t\t\t\t<p>Bem vindos ao F\u00f3rum Nacional dos Diretores de Contabilidade e Finan\u00e7as das Universidades Federais.<\/p>\t\t\t\t\t\t\t\t<\/div>\n\t\t\t\t<\/div>\n\t\t\t\t<div class=\"elementor-element elementor-element-87bffd2 elementor-widget elementor-widget-button\" data-id=\"87bffd2\" data-element_type=\"widget\" data-widget_type=\"button.default\">\n\t\t\t\t<div class=\"elementor-widget-container\">\n\t\t\t\t\t\t\t\t\t<div class=\"elementor-button-wrapper\">\n\t\t\t\t\t<a class=\"elementor-button elementor-button-link elementor-size-sm\" href=\"http:\/\/fondcf.andifes.org.br\/index.php\/noticias\/\">\n\t\t\t\t\t\t<span class=\"elementor-button-content-wrapper\">\n\t\t\t\t\t\t\t\t\t<span class=\"elementor-button-text\">Ultimas Not\u00edcias<\/span>\n\t\t\t\t\t<\/span>\n\t\t\t\t\t<\/a>\n\t\t\t\t<\/div>\n\t\t\t\t\t\t\t\t<\/div>\n\t\t\t\t<\/div>\n\t\t\t\t\t<\/div>\n\t\t\t\t<\/div>\n\t\t<div class=\"elementor-element elementor-element-31438be e-flex e-con-boxed e-con e-child\" data-id=\"31438be\" data-element_type=\"container\">\n\t\t\t\t\t<div class=\"e-con-inner\">\n\t\t\t\t\t<\/div>\n\t\t\t\t<\/div>\n\t\t\t\t\t<\/div>\n\t\t\t\t<\/div>\n\t\t\t\t\t<\/div>\n\t\t\t\t<\/div>\n\t\t<div class=\"elementor-element elementor-element-6652db5 e-flex e-con-boxed e-con e-parent\" data-id=\"6652db5\" data-element_type=\"container\">\n\t\t\t\t\t<div class=\"e-con-inner\">\n\t\t<div class=\"elementor-element elementor-element-4f0b067 e-flex e-con-boxed e-con e-child\" data-id=\"4f0b067\" data-element_type=\"container\" data-settings=\"{&quot;background_background&quot;:&quot;classic&quot;}\">\n\t\t\t\t\t<div class=\"e-con-inner\">\n\t\t<div class=\"elementor-element elementor-element-f444dca e-flex e-con-boxed e-con e-child\" data-id=\"f444dca\" data-element_type=\"container\" data-settings=\"{&quot;background_background&quot;:&quot;classic&quot;}\">\n\t\t\t\t\t<div class=\"e-con-inner\">\n\t\t\t\t<div class=\"elementor-element elementor-element-a7c79b3 elementor-widget elementor-widget-heading\" data-id=\"a7c79b3\" data-element_type=\"widget\" data-widget_type=\"heading.default\">\n\t\t\t\t<div class=\"elementor-widget-container\">\n\t\t\t\t\t<h2 class=\"elementor-heading-title elementor-size-default\"><a href=\"http:\/\/fondcf.andifes.org.br\/index.php\/eventos\/\">Eventos<\/a><\/h2>\t\t\t\t<\/div>\n\t\t\t\t<\/div>\n\t\t\t\t\t<\/div>\n\t\t\t\t<\/div>\n\t\t<div class=\"elementor-element elementor-element-11e010f e-flex e-con-boxed e-con e-child\" data-id=\"11e010f\" data-element_type=\"container\">\n\t\t\t\t\t<div class=\"e-con-inner\">\n\t\t\t\t<div class=\"elementor-element elementor-element-3c05472 elementor-widget__width-inherit elementor-widget elementor-widget-elementskit-post-list\" data-id=\"3c05472\" data-element_type=\"widget\" data-widget_type=\"elementskit-post-list.default\">\n\t\t\t\t<div class=\"elementor-widget-container\">\n\t\t\t\t\t<div class=\"ekit-wid-con\" >\t\t<ul class=\"elementor-icon-list-items ekit-post-list-wrapper \">\n\t\t\t\t\t\t<li class=\"elementor-icon-list-item   \">\n\t\t\t\t<a href=\"https:\/\/fondcf.andifes.org.br\/index.php\/2025\/11\/03\/xxxvii-reuniao-ordinaria-fondcf-06-de-novembro-de-2025\/\" >\n\t\t\t\t\t\t\t\t\t\t<div class=\"ekit_post_list_content_wraper\">\n\t\t\t\t\t\t\t\t\t\t\t\t\t\t\t\t\t\t<div class=\"meta-lists\">\n\t\t\t\t\t\t\t\t\t\t\t\t\t\t<span class=\"meta-date\">\n\n\t\t\t\t\t\t\t\t<i aria-hidden=\"true\" class=\"icon icon-calendar-page-empty\"><\/i>\n\t\t\t\t\t\t\t\t03 nov 2025\t\t\t\t\t\t\t<\/span>\n\t\t\t\t\t\t\t\n\t\t\t\t\t\t\t\t\t\t\t\t\t\t\t\t<span class=\"meta-category\">\n\t\t\t\t\t\t\t\t\t\n\t\t\t\t\t\t\t\t\t\t<i aria-hidden=\"true\" class=\"icon icon-folder\"><\/i>\n\t\t\t\t\t\t\t\t\tEventos\t\t\t\t\t\t\t\t\t<\/span>\n\t\t\t\t\t\t\t\t\t\t\t\t\t\t\t<\/div>\n\t\t\t\t\t\t\n\t\t\t\t\t\t<span class=\"elementor-icon-list-text\">XXXVII Reuni\u00e3o Ordin\u00e1ria FONDCF 06 de novembro de 2025<\/span>\n\n\t\t\t\t\t\t\t\t\t\t\t<\/div>\n\t\t\t\t<\/a>\n\t\t\t<\/li>\n\t\t\t\t\t<li class=\"elementor-icon-list-item   \">\n\t\t\t\t<a href=\"https:\/\/fondcf.andifes.org.br\/index.php\/2024\/11\/21\/xxxv-reuniao-ordinaria-brasilia-df\/\" >\n\t\t\t\t\t\t\t\t\t\t<div class=\"ekit_post_list_content_wraper\">\n\t\t\t\t\t\t\t\t\t\t\t\t\t\t\t\t\t\t<div class=\"meta-lists\">\n\t\t\t\t\t\t\t\t\t\t\t\t\t\t<span class=\"meta-date\">\n\n\t\t\t\t\t\t\t\t<i aria-hidden=\"true\" class=\"icon icon-calendar-page-empty\"><\/i>\n\t\t\t\t\t\t\t\t21 nov 2024\t\t\t\t\t\t\t<\/span>\n\t\t\t\t\t\t\t\n\t\t\t\t\t\t\t\t\t\t\t\t\t\t\t\t<span class=\"meta-category\">\n\t\t\t\t\t\t\t\t\t\n\t\t\t\t\t\t\t\t\t\t<i aria-hidden=\"true\" class=\"icon icon-folder\"><\/i>\n\t\t\t\t\t\t\t\t\tEventos\t\t\t\t\t\t\t\t\t<\/span>\n\t\t\t\t\t\t\t\t\t\t\t\t\t\t\t<\/div>\n\t\t\t\t\t\t\n\t\t\t\t\t\t<span class=\"elementor-icon-list-text\">XXXV Reuni\u00e3o Ordin\u00e1ria - Bras\u00edlia\/DF 21-11-2024<\/span>\n\n\t\t\t\t\t\t\t\t\t\t\t<\/div>\n\t\t\t\t<\/a>\n\t\t\t<\/li>\n\t\t\t\t\t<li class=\"elementor-icon-list-item   \">\n\t\t\t\t<a href=\"https:\/\/fondcf.andifes.org.br\/index.php\/2023\/04\/24\/xxxiii-reuniao-ordinaria\/\" >\n\t\t\t\t\t\t\t\t\t\t<div class=\"ekit_post_list_content_wraper\">\n\t\t\t\t\t\t\t\t\t\t\t\t\t\t\t\t\t\t<div class=\"meta-lists\">\n\t\t\t\t\t\t\t\t\t\t\t\t\t\t<span class=\"meta-date\">\n\n\t\t\t\t\t\t\t\t<i aria-hidden=\"true\" class=\"icon icon-calendar-page-empty\"><\/i>\n\t\t\t\t\t\t\t\t24 abr 2023\t\t\t\t\t\t\t<\/span>\n\t\t\t\t\t\t\t\n\t\t\t\t\t\t\t\t\t\t\t\t\t\t\t\t<span class=\"meta-category\">\n\t\t\t\t\t\t\t\t\t\n\t\t\t\t\t\t\t\t\t\t<i aria-hidden=\"true\" class=\"icon icon-folder\"><\/i>\n\t\t\t\t\t\t\t\t\tEventos\t\t\t\t\t\t\t\t\t<\/span>\n\t\t\t\t\t\t\t\t\t\t\t\t\t\t\t<\/div>\n\t\t\t\t\t\t\n\t\t\t\t\t\t<span class=\"elementor-icon-list-text\">XXXIII Reuni\u00e3o Ordin\u00e1ria 24-04-2023<\/span>\n\n\t\t\t\t\t\t\t\t\t\t\t<\/div>\n\t\t\t\t<\/a>\n\t\t\t<\/li>\n\t\t\t\t\t<li class=\"elementor-icon-list-item   \">\n\t\t\t\t<a href=\"https:\/\/fondcf.andifes.org.br\/index.php\/2022\/03\/28\/xxxii-reuniao-ordinaria\/\" >\n\t\t\t\t\t\t\t\t\t\t<div class=\"ekit_post_list_content_wraper\">\n\t\t\t\t\t\t\t\t\t\t\t\t\t\t\t\t\t\t<div class=\"meta-lists\">\n\t\t\t\t\t\t\t\t\t\t\t\t\t\t<span class=\"meta-date\">\n\n\t\t\t\t\t\t\t\t<i aria-hidden=\"true\" class=\"icon icon-calendar-page-empty\"><\/i>\n\t\t\t\t\t\t\t\t28 mar 2022\t\t\t\t\t\t\t<\/span>\n\t\t\t\t\t\t\t\n\t\t\t\t\t\t\t\t\t\t\t\t\t\t\t\t<span class=\"meta-category\">\n\t\t\t\t\t\t\t\t\t\n\t\t\t\t\t\t\t\t\t\t<i aria-hidden=\"true\" class=\"icon icon-folder\"><\/i>\n\t\t\t\t\t\t\t\t\tEventos\t\t\t\t\t\t\t\t\t<\/span>\n\t\t\t\t\t\t\t\t\t\t\t\t\t\t\t<\/div>\n\t\t\t\t\t\t\n\t\t\t\t\t\t<span class=\"elementor-icon-list-text\">XXXII Reuni\u00e3o Ordin\u00e1ria 28-03-2022<\/span>\n\n\t\t\t\t\t\t\t\t\t\t\t<\/div>\n\t\t\t\t<\/a>\n\t\t\t<\/li>\n\t\t\t\t<\/ul>\n\t\t<\/div>\t\t\t\t<\/div>\n\t\t\t\t<\/div>\n\t\t\t\t\t<\/div>\n\t\t\t\t<\/div>\n\t\t\t\t\t<\/div>\n\t\t\t\t<\/div>\n\t\t<div class=\"elementor-element elementor-element-0095f00 e-flex e-con-boxed e-con e-child\" data-id=\"0095f00\" data-element_type=\"container\" data-settings=\"{&quot;background_background&quot;:&quot;classic&quot;}\">\n\t\t\t\t\t<div class=\"e-con-inner\">\n\t\t<div class=\"elementor-element elementor-element-abcb928 e-flex e-con-boxed e-con e-child\" data-id=\"abcb928\" data-element_type=\"container\" data-settings=\"{&quot;background_background&quot;:&quot;classic&quot;}\">\n\t\t\t\t\t<div class=\"e-con-inner\">\n\t\t\t\t<div class=\"elementor-element elementor-element-e7b056b elementor-widget elementor-widget-heading\" data-id=\"e7b056b\" data-element_type=\"widget\" data-widget_type=\"heading.default\">\n\t\t\t\t<div class=\"elementor-widget-container\">\n\t\t\t\t\t<h2 class=\"elementor-heading-title elementor-size-default\"><a href=\"http:\/\/fondcf.andifes.org.br\/index.php\/noticias\/\">Not\u00edcias<\/a><\/h2>\t\t\t\t<\/div>\n\t\t\t\t<\/div>\n\t\t\t\t\t<\/div>\n\t\t\t\t<\/div>\n\t\t<div class=\"elementor-element elementor-element-f7e00b8 e-flex e-con-boxed e-con e-child\" data-id=\"f7e00b8\" data-element_type=\"container\">\n\t\t\t\t\t<div class=\"e-con-inner\">\n\t\t\t\t<div class=\"elementor-element elementor-element-98d4795 elementor-widget elementor-widget-elementskit-post-list\" data-id=\"98d4795\" data-element_type=\"widget\" data-widget_type=\"elementskit-post-list.default\">\n\t\t\t\t<div class=\"elementor-widget-container\">\n\t\t\t\t\t<div class=\"ekit-wid-con\" >\t\t<ul class=\"elementor-icon-list-items ekit-post-list-wrapper \">\n\t\t\t\t\t\t<li class=\"elementor-icon-list-item   \">\n\t\t\t\t<a href=\"https:\/\/fondcf.andifes.org.br\/index.php\/2024\/11\/21\/fondcf-realiza-reuniao-na-sede-da-andifes\/\" >\n\t\t\t\t\t<img fetchpriority=\"high\" decoding=\"async\" width=\"300\" height=\"225\" src=\"https:\/\/fondcf.andifes.org.br\/wp-content\/uploads\/2025\/02\/WhatsApp-Image-2024-11-21-at-13.59.04-1024x768-1-300x225.jpeg\" class=\"attachment-medium size-medium wp-post-image\" alt=\"\" srcset=\"https:\/\/fondcf.andifes.org.br\/wp-content\/uploads\/2025\/02\/WhatsApp-Image-2024-11-21-at-13.59.04-1024x768-1-300x225.jpeg 300w, https:\/\/fondcf.andifes.org.br\/wp-content\/uploads\/2025\/02\/WhatsApp-Image-2024-11-21-at-13.59.04-1024x768-1-768x576.jpeg 768w, https:\/\/fondcf.andifes.org.br\/wp-content\/uploads\/2025\/02\/WhatsApp-Image-2024-11-21-at-13.59.04-1024x768-1.jpeg 1024w\" sizes=\"(max-width: 300px) 100vw, 300px\" \/>\t\t\t\t\t<div class=\"ekit_post_list_content_wraper\">\n\t\t\t\t\t\t\t\t\t\t\t\t\t\t\t\t\t\t<div class=\"meta-lists\">\n\t\t\t\t\t\t\t\t\t\t\t\t\t\t<span class=\"meta-date\">\n\n\t\t\t\t\t\t\t\t<i aria-hidden=\"true\" class=\"icon icon-calendar-page-empty\"><\/i>\n\t\t\t\t\t\t\t\t21 nov 2024\t\t\t\t\t\t\t<\/span>\n\t\t\t\t\t\t\t\n\t\t\t\t\t\t\t\t\t\t\t\t\t\t\t\t<span class=\"meta-category\">\n\t\t\t\t\t\t\t\t\t\n\t\t\t\t\t\t\t\t\t\t<i aria-hidden=\"true\" class=\"icon icon-folder\"><\/i>\n\t\t\t\t\t\t\t\t\tNot\u00edcias\t\t\t\t\t\t\t\t\t<\/span>\n\t\t\t\t\t\t\t\t\t\t\t\t\t\t\t<\/div>\n\t\t\t\t\t\t\n\t\t\t\t\t\t<span class=\"elementor-icon-list-text\">FONDCF realiza reuni\u00e3o na sede da Andifes<\/span>\n\n\t\t\t\t\t\t\t\t\t\t\t<\/div>\n\t\t\t\t<\/a>\n\t\t\t<\/li>\n\t\t\t\t\t<li class=\"elementor-icon-list-item   \">\n\t\t\t\t<a href=\"https:\/\/fondcf.andifes.org.br\/index.php\/2022\/09\/21\/diretoria-executiva-da-andifes-se-reune-com-coordenadores-de-foruns-e-colegios-de-pro-reitores-e-assessores\/\" >\n\t\t\t\t\t<img decoding=\"async\" width=\"300\" height=\"224\" src=\"https:\/\/fondcf.andifes.org.br\/wp-content\/uploads\/2025\/02\/WhatsApp-Image-2022-09-20-at-11.11.29-300x224.jpeg\" class=\"attachment-medium size-medium wp-post-image\" alt=\"\" srcset=\"https:\/\/fondcf.andifes.org.br\/wp-content\/uploads\/2025\/02\/WhatsApp-Image-2022-09-20-at-11.11.29-300x224.jpeg 300w, https:\/\/fondcf.andifes.org.br\/wp-content\/uploads\/2025\/02\/WhatsApp-Image-2022-09-20-at-11.11.29-768x573.jpeg 768w, https:\/\/fondcf.andifes.org.br\/wp-content\/uploads\/2025\/02\/WhatsApp-Image-2022-09-20-at-11.11.29.jpeg 871w\" sizes=\"(max-width: 300px) 100vw, 300px\" \/>\t\t\t\t\t<div class=\"ekit_post_list_content_wraper\">\n\t\t\t\t\t\t\t\t\t\t\t\t\t\t\t\t\t\t<div class=\"meta-lists\">\n\t\t\t\t\t\t\t\t\t\t\t\t\t\t<span class=\"meta-date\">\n\n\t\t\t\t\t\t\t\t<i aria-hidden=\"true\" class=\"icon icon-calendar-page-empty\"><\/i>\n\t\t\t\t\t\t\t\t21 set 2022\t\t\t\t\t\t\t<\/span>\n\t\t\t\t\t\t\t\n\t\t\t\t\t\t\t\t\t\t\t\t\t\t\t\t<span class=\"meta-category\">\n\t\t\t\t\t\t\t\t\t\n\t\t\t\t\t\t\t\t\t\t<i aria-hidden=\"true\" class=\"icon icon-folder\"><\/i>\n\t\t\t\t\t\t\t\t\tNot\u00edcias\t\t\t\t\t\t\t\t\t<\/span>\n\t\t\t\t\t\t\t\t\t\t\t\t\t\t\t<\/div>\n\t\t\t\t\t\t\n\t\t\t\t\t\t<span class=\"elementor-icon-list-text\">Diretoria-executiva da Andifes se re\u00fane com coordenadores de F\u00f3runs e Col\u00e9gios de pr\u00f3-reitores e assessores<\/span>\n\n\t\t\t\t\t\t\t\t\t\t\t<\/div>\n\t\t\t\t<\/a>\n\t\t\t<\/li>\n\t\t\t\t\t<li class=\"elementor-icon-list-item   \">\n\t\t\t\t<a href=\"https:\/\/fondcf.andifes.org.br\/index.php\/2021\/08\/24\/diretoria-da-andifes-se-reune-com-foruns-e-colegios-assessores-em-reuniao-remota\/\" >\n\t\t\t\t\t<img decoding=\"async\" width=\"300\" height=\"283\" src=\"https:\/\/fondcf.andifes.org.br\/wp-content\/uploads\/2025\/02\/Design-sem-nome-2-300x283-1.png\" class=\"attachment-medium size-medium wp-post-image\" alt=\"\" \/>\t\t\t\t\t<div class=\"ekit_post_list_content_wraper\">\n\t\t\t\t\t\t\t\t\t\t\t\t\t\t\t\t\t\t<div class=\"meta-lists\">\n\t\t\t\t\t\t\t\t\t\t\t\t\t\t<span class=\"meta-date\">\n\n\t\t\t\t\t\t\t\t<i aria-hidden=\"true\" class=\"icon icon-calendar-page-empty\"><\/i>\n\t\t\t\t\t\t\t\t24 ago 2021\t\t\t\t\t\t\t<\/span>\n\t\t\t\t\t\t\t\n\t\t\t\t\t\t\t\t\t\t\t\t\t\t\t\t<span class=\"meta-category\">\n\t\t\t\t\t\t\t\t\t\n\t\t\t\t\t\t\t\t\t\t<i aria-hidden=\"true\" class=\"icon icon-folder\"><\/i>\n\t\t\t\t\t\t\t\t\tNot\u00edcias\t\t\t\t\t\t\t\t\t<\/span>\n\t\t\t\t\t\t\t\t\t\t\t\t\t\t\t<\/div>\n\t\t\t\t\t\t\n\t\t\t\t\t\t<span class=\"elementor-icon-list-text\">Diretoria da Andifes se re\u00fane com f\u00f3runs e col\u00e9gios assessores em reuni\u00e3o remota<\/span>\n\n\t\t\t\t\t\t\t\t\t\t\t<\/div>\n\t\t\t\t<\/a>\n\t\t\t<\/li>\n\t\t\t\t\t<li class=\"elementor-icon-list-item   \">\n\t\t\t\t<a href=\"https:\/\/fondcf.andifes.org.br\/index.php\/2021\/01\/26\/andifes-discute-conjuntura-politica-e-economica-com-colegios-e-foruns-assessores-e-entidades-da-comunidade-academica\/\" >\n\t\t\t\t\t<img loading=\"lazy\" decoding=\"async\" width=\"300\" height=\"226\" src=\"https:\/\/fondcf.andifes.org.br\/wp-content\/uploads\/2025\/02\/Reuniao-Andifes-e-entidades-da-Educacao_26.01-13-300x226-1.jpg\" class=\"attachment-medium size-medium wp-post-image\" alt=\"\" \/>\t\t\t\t\t<div class=\"ekit_post_list_content_wraper\">\n\t\t\t\t\t\t\t\t\t\t\t\t\t\t\t\t\t\t<div class=\"meta-lists\">\n\t\t\t\t\t\t\t\t\t\t\t\t\t\t<span class=\"meta-date\">\n\n\t\t\t\t\t\t\t\t<i aria-hidden=\"true\" class=\"icon icon-calendar-page-empty\"><\/i>\n\t\t\t\t\t\t\t\t26 jan 2021\t\t\t\t\t\t\t<\/span>\n\t\t\t\t\t\t\t\n\t\t\t\t\t\t\t\t\t\t\t\t\t\t\t\t<span class=\"meta-category\">\n\t\t\t\t\t\t\t\t\t\n\t\t\t\t\t\t\t\t\t\t<i aria-hidden=\"true\" class=\"icon icon-folder\"><\/i>\n\t\t\t\t\t\t\t\t\tNot\u00edcias\t\t\t\t\t\t\t\t\t<\/span>\n\t\t\t\t\t\t\t\t\t\t\t\t\t\t\t<\/div>\n\t\t\t\t\t\t\n\t\t\t\t\t\t<span class=\"elementor-icon-list-text\">Andifes discute conjuntura pol\u00edtica e econ\u00f4mica com col\u00e9gios e f\u00f3runs assessores e entidades da comunidade acad\u00eamica<\/span>\n\n\t\t\t\t\t\t\t\t\t\t\t<\/div>\n\t\t\t\t<\/a>\n\t\t\t<\/li>\n\t\t\t\t<\/ul>\n\t\t<\/div>\t\t\t\t<\/div>\n\t\t\t\t<\/div>\n\t\t\t\t\t<\/div>\n\t\t\t\t<\/div>\n\t\t\t\t\t<\/div>\n\t\t\t\t<\/div>\n\t\t\t\t\t<\/div>\n\t\t\t\t<\/div>\n\t\t<div class=\"elementor-element elementor-element-a4d42a7 e-flex e-con-boxed e-con e-parent\" data-id=\"a4d42a7\" data-element_type=\"container\">\n\t\t\t\t\t<div class=\"e-con-inner\">\n\t\t<div class=\"elementor-element elementor-element-6ac5e7e e-flex e-con-boxed e-con e-child\" data-id=\"6ac5e7e\" data-element_type=\"container\" data-settings=\"{&quot;background_background&quot;:&quot;classic&quot;}\">\n\t\t\t\t\t<div class=\"e-con-inner\">\n\t\t<div class=\"elementor-element elementor-element-4e0a09d e-flex e-con-boxed e-con e-child\" data-id=\"4e0a09d\" data-element_type=\"container\">\n\t\t\t\t\t<div class=\"e-con-inner\">\n\t\t\t\t<div class=\"elementor-element elementor-element-e194a8e elementor-widget elementor-widget-heading\" data-id=\"e194a8e\" data-element_type=\"widget\" data-widget_type=\"heading.default\">\n\t\t\t\t<div class=\"elementor-widget-container\">\n\t\t\t\t\t<h2 class=\"elementor-heading-title elementor-size-default\"><a href=\"http:\/\/fondcf.andifes.org.br\/index.php\/multimidia\/\">Multim\u00eddia<\/a><\/h2>\t\t\t\t<\/div>\n\t\t\t\t<\/div>\n\t\t\t\t\t<\/div>\n\t\t\t\t<\/div>\n\t\t<div class=\"elementor-element elementor-element-41ccf04 e-flex e-con-boxed e-con e-child\" data-id=\"41ccf04\" data-element_type=\"container\">\n\t\t\t\t\t<div class=\"e-con-inner\">\n\t\t\t\t<div class=\"elementor-element elementor-element-23ae8c2 elementor-align-left elementor-widget elementor-widget-elementskit-post-list\" data-id=\"23ae8c2\" data-element_type=\"widget\" data-widget_type=\"elementskit-post-list.default\">\n\t\t\t\t<div class=\"elementor-widget-container\">\n\t\t\t\t\t<div class=\"ekit-wid-con\" >\t\t<ul class=\"elementor-icon-list-items ekit-post-list-wrapper  elementor-inline-items\">\n\t\t\t\t\t\t<li class=\"elementor-icon-list-item col-lg-4  \">\n\t\t\t\t<a href=\"https:\/\/fondcf.andifes.org.br\/index.php\/2024\/11\/22\/xxxv-reuniao-ordinaria-do-fondcf\/\" >\n\t\t\t\t\t<img loading=\"lazy\" decoding=\"async\" width=\"150\" height=\"150\" src=\"https:\/\/fondcf.andifes.org.br\/wp-content\/uploads\/2025\/02\/XXXV_Reuniao-01-150x150.jpg\" class=\"attachment-thumbnail size-thumbnail wp-post-image\" alt=\"\" \/>\t\t\t\t\t<div class=\"ekit_post_list_content_wraper\">\n\t\t\t\t\t\t\t\t\t\t\t\t\t\t\t\t\t\t<div class=\"meta-lists\">\n\t\t\t\t\t\t\t\t\t\t\t\t\t\t<span class=\"meta-date\">\n\n\t\t\t\t\t\t\t\t<i aria-hidden=\"true\" class=\"icon icon-calendar-page-empty\"><\/i>\n\t\t\t\t\t\t\t\t22 nov 2024\t\t\t\t\t\t\t<\/span>\n\t\t\t\t\t\t\t\n\t\t\t\t\t\t\t\t\t\t\t\t\t\t\t\t<span class=\"meta-category\">\n\t\t\t\t\t\t\t\t\t\n\t\t\t\t\t\t\t\t\t\t<i aria-hidden=\"true\" class=\"icon icon-folder\"><\/i>\n\t\t\t\t\t\t\t\t\tMultim\u00eddia\t\t\t\t\t\t\t\t\t<\/span>\n\t\t\t\t\t\t\t\t\t\t\t\t\t\t\t<\/div>\n\t\t\t\t\t\t\n\t\t\t\t\t\t<span class=\"elementor-icon-list-text\">XXXV Reuni\u00e3o Ordin\u00e1ria do (FONDCF)<\/span>\n\n\t\t\t\t\t\t\t\t\t\t\t<\/div>\n\t\t\t\t<\/a>\n\t\t\t<\/li>\n\t\t\t\t\t<li class=\"elementor-icon-list-item col-lg-4  \">\n\t\t\t\t<a href=\"https:\/\/fondcf.andifes.org.br\/index.php\/2024\/05\/20\/xxxiv-reuniao-ordinaria-fondcf-planilha-escrituracao-efd-reinf-experiencia-da-ufpi-e-da-ufu-ebserh\/\" >\n\t\t\t\t\t<img loading=\"lazy\" decoding=\"async\" width=\"150\" height=\"150\" src=\"https:\/\/fondcf.andifes.org.br\/wp-content\/uploads\/2025\/02\/XXXIV_Reuniao-01-150x150.jpg\" class=\"attachment-thumbnail size-thumbnail wp-post-image\" alt=\"\" \/>\t\t\t\t\t<div class=\"ekit_post_list_content_wraper\">\n\t\t\t\t\t\t\t\t\t\t\t\t\t\t\t\t\t\t<div class=\"meta-lists\">\n\t\t\t\t\t\t\t\t\t\t\t\t\t\t<span class=\"meta-date\">\n\n\t\t\t\t\t\t\t\t<i aria-hidden=\"true\" class=\"icon icon-calendar-page-empty\"><\/i>\n\t\t\t\t\t\t\t\t20 maio 2024\t\t\t\t\t\t\t<\/span>\n\t\t\t\t\t\t\t\n\t\t\t\t\t\t\t\t\t\t\t\t\t\t\t\t<span class=\"meta-category\">\n\t\t\t\t\t\t\t\t\t\n\t\t\t\t\t\t\t\t\t\t<i aria-hidden=\"true\" class=\"icon icon-folder\"><\/i>\n\t\t\t\t\t\t\t\t\tMultim\u00eddia\t\t\t\t\t\t\t\t\t<\/span>\n\t\t\t\t\t\t\t\t\t\t\t\t\t\t\t<\/div>\n\t\t\t\t\t\t\n\t\t\t\t\t\t<span class=\"elementor-icon-list-text\">XXXIV Reuni\u00e3o Ordin\u00e1ria FONDCF - Planilha Escritura\u00e7\u00e3o EFD-REINF-experi\u00eancia da UFPI e da UFU\/EBSERH<\/span>\n\n\t\t\t\t\t\t\t\t\t\t\t<\/div>\n\t\t\t\t<\/a>\n\t\t\t<\/li>\n\t\t\t\t\t<li class=\"elementor-icon-list-item col-lg-4  \">\n\t\t\t\t<a href=\"https:\/\/fondcf.andifes.org.br\/index.php\/2024\/05\/15\/forum-dos-contadores-fondcf-que-o-departamento-de-gestao-financeira\/\" >\n\t\t\t\t\t<img loading=\"lazy\" decoding=\"async\" width=\"150\" height=\"150\" src=\"https:\/\/fondcf.andifes.org.br\/wp-content\/uploads\/2024\/05\/Reuniao-15-05-2024-150x150.jpg\" class=\"attachment-thumbnail size-thumbnail wp-post-image\" alt=\"\" \/>\t\t\t\t\t<div class=\"ekit_post_list_content_wraper\">\n\t\t\t\t\t\t\t\t\t\t\t\t\t\t\t\t\t\t<div class=\"meta-lists\">\n\t\t\t\t\t\t\t\t\t\t\t\t\t\t<span class=\"meta-date\">\n\n\t\t\t\t\t\t\t\t<i aria-hidden=\"true\" class=\"icon icon-calendar-page-empty\"><\/i>\n\t\t\t\t\t\t\t\t15 maio 2024\t\t\t\t\t\t\t<\/span>\n\t\t\t\t\t\t\t\n\t\t\t\t\t\t\t\t\t\t\t\t\t\t\t\t<span class=\"meta-category\">\n\t\t\t\t\t\t\t\t\t\n\t\t\t\t\t\t\t\t\t\t<i aria-hidden=\"true\" class=\"icon icon-folder\"><\/i>\n\t\t\t\t\t\t\t\t\tMultim\u00eddia\t\t\t\t\t\t\t\t\t<\/span>\n\t\t\t\t\t\t\t\t\t\t\t\t\t\t\t<\/div>\n\t\t\t\t\t\t\n\t\t\t\t\t\t<span class=\"elementor-icon-list-text\">F\u00f3rum dos Contadores (FONDCF) que o Departamento de Gest\u00e3o Financeira<\/span>\n\n\t\t\t\t\t\t\t\t\t\t\t<\/div>\n\t\t\t\t<\/a>\n\t\t\t<\/li>\n\t\t\t\t\t<li class=\"elementor-icon-list-item col-lg-4  \">\n\t\t\t\t<a href=\"https:\/\/fondcf.andifes.org.br\/index.php\/2022\/03\/28\/xxxii-reuniao-ordinaria-do-fondcf-28-de-marco-de-2022\/\" >\n\t\t\t\t\t<img loading=\"lazy\" decoding=\"async\" width=\"150\" height=\"150\" src=\"https:\/\/fondcf.andifes.org.br\/wp-content\/uploads\/2025\/02\/XXXII_Reuniao-01-150x150.jpg\" class=\"attachment-thumbnail size-thumbnail wp-post-image\" alt=\"\" \/>\t\t\t\t\t<div class=\"ekit_post_list_content_wraper\">\n\t\t\t\t\t\t\t\t\t\t\t\t\t\t\t\t\t\t<div class=\"meta-lists\">\n\t\t\t\t\t\t\t\t\t\t\t\t\t\t<span class=\"meta-date\">\n\n\t\t\t\t\t\t\t\t<i aria-hidden=\"true\" class=\"icon icon-calendar-page-empty\"><\/i>\n\t\t\t\t\t\t\t\t28 mar 2022\t\t\t\t\t\t\t<\/span>\n\t\t\t\t\t\t\t\n\t\t\t\t\t\t\t\t\t\t\t\t\t\t\t\t<span class=\"meta-category\">\n\t\t\t\t\t\t\t\t\t\n\t\t\t\t\t\t\t\t\t\t<i aria-hidden=\"true\" class=\"icon icon-folder\"><\/i>\n\t\t\t\t\t\t\t\t\tMultim\u00eddia\t\t\t\t\t\t\t\t\t<\/span>\n\t\t\t\t\t\t\t\t\t\t\t\t\t\t\t<\/div>\n\t\t\t\t\t\t\n\t\t\t\t\t\t<span class=\"elementor-icon-list-text\">XXXII Reuni\u00e3o Ordin\u00e1ria do FONDCF - 28 de mar\u00e7o de 2022<\/span>\n\n\t\t\t\t\t\t\t\t\t\t\t<\/div>\n\t\t\t\t<\/a>\n\t\t\t<\/li>\n\t\t\t\t\t<li class=\"elementor-icon-list-item col-lg-4  \">\n\t\t\t\t<a href=\"https:\/\/fondcf.andifes.org.br\/index.php\/2021\/06\/23\/xxi-forum-nacional-dos-diretores-de-contabilidade-e-financas-das-universidades-federais-fondcf\/\" >\n\t\t\t\t\t<img loading=\"lazy\" decoding=\"async\" width=\"150\" height=\"150\" src=\"https:\/\/fondcf.andifes.org.br\/wp-content\/uploads\/2025\/02\/XXI_Reuniao-01-150x150.jpg\" class=\"attachment-thumbnail size-thumbnail wp-post-image\" alt=\"\" \/>\t\t\t\t\t<div class=\"ekit_post_list_content_wraper\">\n\t\t\t\t\t\t\t\t\t\t\t\t\t\t\t\t\t\t<div class=\"meta-lists\">\n\t\t\t\t\t\t\t\t\t\t\t\t\t\t<span class=\"meta-date\">\n\n\t\t\t\t\t\t\t\t<i aria-hidden=\"true\" class=\"icon icon-calendar-page-empty\"><\/i>\n\t\t\t\t\t\t\t\t23 jun 2021\t\t\t\t\t\t\t<\/span>\n\t\t\t\t\t\t\t\n\t\t\t\t\t\t\t\t\t\t\t\t\t\t\t\t<span class=\"meta-category\">\n\t\t\t\t\t\t\t\t\t\n\t\t\t\t\t\t\t\t\t\t<i aria-hidden=\"true\" class=\"icon icon-folder\"><\/i>\n\t\t\t\t\t\t\t\t\tMultim\u00eddia\t\t\t\t\t\t\t\t\t<\/span>\n\t\t\t\t\t\t\t\t\t\t\t\t\t\t\t<\/div>\n\t\t\t\t\t\t\n\t\t\t\t\t\t<span class=\"elementor-icon-list-text\">XXI F\u00f3rum Nacional dos Diretores de Contabilidade e Finan\u00e7as das Universidades Federais (FONDCF)<\/span>\n\n\t\t\t\t\t\t\t\t\t\t\t<\/div>\n\t\t\t\t<\/a>\n\t\t\t<\/li>\n\t\t\t\t\t<li class=\"elementor-icon-list-item col-lg-4  \">\n\t\t\t\t<a href=\"https:\/\/fondcf.andifes.org.br\/index.php\/2020\/12\/14\/xxxi-reuniao-extraordinaria-do-fondcf\/\" >\n\t\t\t\t\t<img loading=\"lazy\" decoding=\"async\" width=\"150\" height=\"150\" src=\"https:\/\/fondcf.andifes.org.br\/wp-content\/uploads\/2025\/02\/XXXI_Reuniao-01-150x150.jpg\" class=\"attachment-thumbnail size-thumbnail wp-post-image\" alt=\"\" \/>\t\t\t\t\t<div class=\"ekit_post_list_content_wraper\">\n\t\t\t\t\t\t\t\t\t\t\t\t\t\t\t\t\t\t<div class=\"meta-lists\">\n\t\t\t\t\t\t\t\t\t\t\t\t\t\t<span class=\"meta-date\">\n\n\t\t\t\t\t\t\t\t<i aria-hidden=\"true\" class=\"icon icon-calendar-page-empty\"><\/i>\n\t\t\t\t\t\t\t\t14 dez 2020\t\t\t\t\t\t\t<\/span>\n\t\t\t\t\t\t\t\n\t\t\t\t\t\t\t\t\t\t\t\t\t\t\t\t<span class=\"meta-category\">\n\t\t\t\t\t\t\t\t\t\n\t\t\t\t\t\t\t\t\t\t<i aria-hidden=\"true\" class=\"icon icon-folder\"><\/i>\n\t\t\t\t\t\t\t\t\tMultim\u00eddia\t\t\t\t\t\t\t\t\t<\/span>\n\t\t\t\t\t\t\t\t\t\t\t\t\t\t\t<\/div>\n\t\t\t\t\t\t\n\t\t\t\t\t\t<span class=\"elementor-icon-list-text\">XXXI Reuni\u00e3o Extraordin\u00e1ria do FONDCF<\/span>\n\n\t\t\t\t\t\t\t\t\t\t\t<\/div>\n\t\t\t\t<\/a>\n\t\t\t<\/li>\n\t\t\t\t<\/ul>\n\t\t<\/div>\t\t\t\t<\/div>\n\t\t\t\t<\/div>\n\t\t\t\t\t<\/div>\n\t\t\t\t<\/div>\n\t\t\t\t\t<\/div>\n\t\t\t\t<\/div>\n\t\t\t\t\t<\/div>\n\t\t\t\t<\/div>\n\t\t\t\t<\/div>\n\t\t","protected":false},"excerpt":{"rendered":"<p>Sejam bem vindos ao FONDCF Bem vindos ao F\u00f3rum Nacional dos Diretores de Contabilidade e Finan\u00e7as das Universidades Federais. Ultimas Not\u00edcias Eventos 03 nov 2025 Eventos F\u00f3rum FONDCF 06 de novembro de 2025 21 nov 2024 Eventos XXXV Reuni\u00e3o Ordin\u00e1ria &#8211; Bras\u00edlia\/DF 21-11-2024 24 abr 2023 Eventos XXXIII Reuni\u00e3o Ordin\u00e1ria 24-04-2023 28 mar 2022 Eventos [&hellip;]<\/p>\n","protected":false},"author":1,"featured_media":0,"parent":0,"menu_order":0,"comment_status":"closed","ping_status":"closed","template":"elementor_header_footer","meta":{"footnotes":""},"class_list":["post-9","page","type-page","status-publish","hentry"],"_links":{"self":[{"href":"https:\/\/fondcf.andifes.org.br\/index.php\/wp-json\/wp\/v2\/pages\/9","targetHints":{"allow":["GET"]}}],"collection":[{"href":"https:\/\/fondcf.andifes.org.br\/index.php\/wp-json\/wp\/v2\/pages"}],"about":[{"href":"https:\/\/fondcf.andifes.org.br\/index.php\/wp-json\/wp\/v2\/types\/page"}],"author":[{"embeddable":true,"href":"https:\/\/fondcf.andifes.org.br\/index.php\/wp-json\/wp\/v2\/users\/1"}],"replies":[{"embeddable":true,"href":"https:\/\/fondcf.andifes.org.br\/index.php\/wp-json\/wp\/v2\/comments?post=9"}],"version-history":[{"count":217,"href":"https:\/\/fondcf.andifes.org.br\/index.php\/wp-json\/wp\/v2\/pages\/9\/revisions"}],"predecessor-version":[{"id":1081,"href":"https:\/\/fondcf.andifes.org.br\/index.php\/wp-json\/wp\/v2\/pages\/9\/revisions\/1081"}],"wp:attachment":[{"href":"https:\/\/fondcf.andifes.org.br\/index.php\/wp-json\/wp\/v2\/media?parent=9"}],"curies":[{"name":"wp","href":"https:\/\/api.w.org\/{rel}","templated":true}]}}