{"id":22,"date":"2025-02-13T09:52:57","date_gmt":"2025-02-13T12:52:57","guid":{"rendered":"http:\/\/fondcf.andifes.org.br\/?page_id=22"},"modified":"2025-09-11T17:33:20","modified_gmt":"2025-09-11T20:33:20","slug":"sobre","status":"publish","type":"page","link":"https:\/\/fondcf.andifes.org.br\/index.php\/sobre\/","title":{"rendered":"Sobre"},"content":{"rendered":"\t\t<div data-elementor-type=\"wp-page\" data-elementor-id=\"22\" class=\"elementor elementor-22\">\n\t\t\t\t<div class=\"elementor-element elementor-element-33404d5 e-flex e-con-boxed e-con e-parent\" data-id=\"33404d5\" data-element_type=\"container\">\n\t\t\t\t\t<div class=\"e-con-inner\">\n\t\t<div class=\"elementor-element elementor-element-486ab2a e-flex e-con-boxed e-con e-child\" data-id=\"486ab2a\" data-element_type=\"container\" data-settings=\"{&quot;background_background&quot;:&quot;classic&quot;}\">\n\t\t\t\t\t<div class=\"e-con-inner\">\n\t\t<div class=\"elementor-element elementor-element-7ceff49 e-flex e-con-boxed e-con e-child\" data-id=\"7ceff49\" data-element_type=\"container\">\n\t\t\t\t\t<div class=\"e-con-inner\">\n\t\t\t\t<div class=\"elementor-element elementor-element-32b2eb1 elementor-widget elementor-widget-heading\" data-id=\"32b2eb1\" data-element_type=\"widget\" data-widget_type=\"heading.default\">\n\t\t\t\t<div class=\"elementor-widget-container\">\n\t\t\t\t\t<h2 class=\"elementor-heading-title elementor-size-default\">Sobre<\/h2>\t\t\t\t<\/div>\n\t\t\t\t<\/div>\n\t\t\t\t\t<\/div>\n\t\t\t\t<\/div>\n\t\t<div class=\"elementor-element elementor-element-2de41bb e-flex e-con-boxed e-con e-child\" data-id=\"2de41bb\" data-element_type=\"container\">\n\t\t\t\t\t<div class=\"e-con-inner\">\n\t\t\t\t<div class=\"elementor-element elementor-element-4c2259b elementor-widget elementor-widget-heading\" data-id=\"4c2259b\" data-element_type=\"widget\" data-widget_type=\"heading.default\">\n\t\t\t\t<div class=\"elementor-widget-container\">\n\t\t\t\t\t<h2 class=\"elementor-heading-title elementor-size-default\">Forum Nacional dos Diretores de Contabilidade e Finan\u00e7as das Universidades Federais (FONDCF)<\/h2>\t\t\t\t<\/div>\n\t\t\t\t<\/div>\n\t\t\t\t<div class=\"elementor-element elementor-element-85c9c57 elementor-widget elementor-widget-image\" data-id=\"85c9c57\" data-element_type=\"widget\" data-widget_type=\"image.default\">\n\t\t\t\t<div class=\"elementor-widget-container\">\n\t\t\t\t\t\t\t\t\t\t\t\t<figure class=\"wp-caption\">\n\t\t\t\t\t\t\t\t\t\t<img fetchpriority=\"high\" decoding=\"async\" width=\"250\" height=\"250\" src=\"https:\/\/fondcf.andifes.org.br\/wp-content\/uploads\/2025\/02\/Daniel-Bessa-de-Menezes.png\" class=\"attachment-large size-large wp-image-310\" alt=\"\" srcset=\"https:\/\/fondcf.andifes.org.br\/wp-content\/uploads\/2025\/02\/Daniel-Bessa-de-Menezes.png 250w, https:\/\/fondcf.andifes.org.br\/wp-content\/uploads\/2025\/02\/Daniel-Bessa-de-Menezes-150x150.png 150w\" sizes=\"(max-width: 250px) 100vw, 250px\" \/>\t\t\t\t\t\t\t\t\t\t\t<figcaption class=\"widget-image-caption wp-caption-text\">Daniel Bessa de Menezes (UFRN) \u2013 Gest\u00e3o 2024<\/figcaption>\n\t\t\t\t\t\t\t\t\t\t<\/figure>\n\t\t\t\t\t\t\t\t\t<\/div>\n\t\t\t\t<\/div>\n\t\t\t\t<div class=\"elementor-element elementor-element-2d2c507 elementor-widget elementor-widget-text-editor\" data-id=\"2d2c507\" data-element_type=\"widget\" data-widget_type=\"text-editor.default\">\n\t\t\t\t<div class=\"elementor-widget-container\">\n\t\t\t\t\t\t\t\t\t<p><br \/>O F\u00f3rum Nacional dos Diretores de Contabilidade e Finan\u00e7as das Universidades Federais (FONDCF) tem car\u00e1ter permanente e re\u00fane os diretores de contabilidade e finan\u00e7as e ocupantes de cargos equivalentes das universidades federais. O FONDCF tem por objetivos:<\/p><ol><li>Estudar e propor solu\u00e7\u00f5es para os problemas relacionados com as \u00e1reas de contabilidade, finan\u00e7as e or\u00e7amento;<\/li><li>Promover o interc\u00e2mbio e buscar uniformiza\u00e7\u00e3o de procedimentos, visando troca de experi\u00eancias entre seus participantes, de temas de interesse da \u00e1rea;<\/li><li>Consolidar e divulgar documentos junto as Universidades Federais;<\/li><li>Assessorar os dirigentes e \u00f3rg\u00e3os de inst\u00e2ncias superiores das Universidades Federais;<\/li><li>Informar e atualizar os dirigentes de procedimentos adotados.<\/li><\/ol><p><a href=\"http:\/\/fondcf.andifes.org.br\/wp-content\/uploads\/2025\/02\/Regulamento-dos-foruns-e-colegios-da-Andifes-jan2024-1.pdf\" target=\"_blank\" rel=\"noopener\">Regulamento-dos-foruns-e-colegios-da-Andifes-jan2024<\/a><\/p>\t\t\t\t\t\t\t\t<\/div>\n\t\t\t\t<\/div>\n\t\t\t\t\t<\/div>\n\t\t\t\t<\/div>\n\t\t\t\t\t<\/div>\n\t\t\t\t<\/div>\n\t\t\t\t\t<\/div>\n\t\t\t\t<\/div>\n\t\t\t\t<\/div>\n\t\t","protected":false},"excerpt":{"rendered":"<p>Sobre Forum Nacional dos Diretores de Contabilidade e Finan\u00e7as das Universidades Federais (FONDCF) Daniel Bessa de Menezes (UFRN) \u2013 Gest\u00e3o 2024 O F\u00f3rum Nacional dos Diretores de Contabilidade e Finan\u00e7as das Universidades Federais (FONDCF) tem car\u00e1ter permanente e re\u00fane os diretores de contabilidade e finan\u00e7as e ocupantes de cargos equivalentes das universidades federais. O FONDCF [&hellip;]<\/p>\n","protected":false},"author":1,"featured_media":0,"parent":0,"menu_order":0,"comment_status":"closed","ping_status":"closed","template":"elementor_header_footer","meta":{"footnotes":""},"class_list":["post-22","page","type-page","status-publish","hentry"],"_links":{"self":[{"href":"https:\/\/fondcf.andifes.org.br\/index.php\/wp-json\/wp\/v2\/pages\/22","targetHints":{"allow":["GET"]}}],"collection":[{"href":"https:\/\/fondcf.andifes.org.br\/index.php\/wp-json\/wp\/v2\/pages"}],"about":[{"href":"https:\/\/fondcf.andifes.org.br\/index.php\/wp-json\/wp\/v2\/types\/page"}],"author":[{"embeddable":true,"href":"https:\/\/fondcf.andifes.org.br\/index.php\/wp-json\/wp\/v2\/users\/1"}],"replies":[{"embeddable":true,"href":"https:\/\/fondcf.andifes.org.br\/index.php\/wp-json\/wp\/v2\/comments?post=22"}],"version-history":[{"count":41,"href":"https:\/\/fondcf.andifes.org.br\/index.php\/wp-json\/wp\/v2\/pages\/22\/revisions"}],"predecessor-version":[{"id":982,"href":"https:\/\/fondcf.andifes.org.br\/index.php\/wp-json\/wp\/v2\/pages\/22\/revisions\/982"}],"wp:attachment":[{"href":"https:\/\/fondcf.andifes.org.br\/index.php\/wp-json\/wp\/v2\/media?parent=22"}],"curies":[{"name":"wp","href":"https:\/\/api.w.org\/{rel}","templated":true}]}}