{"id":18,"date":"2025-02-13T09:52:21","date_gmt":"2025-02-13T12:52:21","guid":{"rendered":"http:\/\/fondcf.andifes.org.br\/?page_id=18"},"modified":"2025-02-20T11:27:13","modified_gmt":"2025-02-20T14:27:13","slug":"noticias","status":"publish","type":"page","link":"https:\/\/fondcf.andifes.org.br\/index.php\/noticias\/","title":{"rendered":"Not\u00edcias"},"content":{"rendered":"\t\t<div data-elementor-type=\"wp-page\" data-elementor-id=\"18\" class=\"elementor elementor-18\">\n\t\t\t\t<div class=\"elementor-element elementor-element-d1c3e7b e-flex e-con-boxed e-con e-parent\" data-id=\"d1c3e7b\" data-element_type=\"container\">\n\t\t\t\t\t<div class=\"e-con-inner\">\n\t\t<div class=\"elementor-element elementor-element-ba6ae6d e-flex e-con-boxed e-con e-child\" data-id=\"ba6ae6d\" data-element_type=\"container\" data-settings=\"{&quot;background_background&quot;:&quot;classic&quot;}\">\n\t\t\t\t\t<div class=\"e-con-inner\">\n\t\t\t\t<div class=\"elementor-element elementor-element-59c759a elementor-widget elementor-widget-heading\" data-id=\"59c759a\" data-element_type=\"widget\" data-widget_type=\"heading.default\">\n\t\t\t\t<div class=\"elementor-widget-container\">\n\t\t\t\t\t<h2 class=\"elementor-heading-title elementor-size-default\">Not\u00edcias<\/h2>\t\t\t\t<\/div>\n\t\t\t\t<\/div>\n\t\t\t\t<div class=\"elementor-element elementor-element-ba4e962 elementor-align-left elementor-widget elementor-widget-elementskit-post-list\" data-id=\"ba4e962\" data-element_type=\"widget\" data-widget_type=\"elementskit-post-list.default\">\n\t\t\t\t<div class=\"elementor-widget-container\">\n\t\t\t\t\t<div class=\"ekit-wid-con\" >\t\t<ul class=\"elementor-icon-list-items ekit-post-list-wrapper  elementor-inline-items\">\n\t\t\t\t\t\t<li class=\"elementor-icon-list-item col-lg-4  \">\n\t\t\t\t<a href=\"https:\/\/fondcf.andifes.org.br\/index.php\/2024\/11\/21\/fondcf-realiza-reuniao-na-sede-da-andifes\/\" >\n\t\t\t\t\t<img decoding=\"async\" width=\"150\" height=\"150\" src=\"https:\/\/fondcf.andifes.org.br\/wp-content\/uploads\/2025\/02\/WhatsApp-Image-2024-11-21-at-13.59.04-1024x768-1-150x150.jpeg\" class=\"attachment-thumbnail size-thumbnail wp-post-image\" alt=\"\" \/>\t\t\t\t\t<div class=\"ekit_post_list_content_wraper\">\n\t\t\t\t\t\t\t\t\t\t\t\t\t\t\t\t\t\t<div class=\"meta-lists\">\n\t\t\t\t\t\t\t\t\t\t\t\t\t\t<span class=\"meta-date\">\n\n\t\t\t\t\t\t\t\t<i aria-hidden=\"true\" class=\"icon icon-calendar-page-empty\"><\/i>\n\t\t\t\t\t\t\t\t21 nov 2024\t\t\t\t\t\t\t<\/span>\n\t\t\t\t\t\t\t\n\t\t\t\t\t\t\t\t\t\t\t\t\t\t\t\t<span class=\"meta-category\">\n\t\t\t\t\t\t\t\t\t\n\t\t\t\t\t\t\t\t\t\t<i aria-hidden=\"true\" class=\"icon icon-folder\"><\/i>\n\t\t\t\t\t\t\t\t\tNot\u00edcias\t\t\t\t\t\t\t\t\t<\/span>\n\t\t\t\t\t\t\t\t\t\t\t\t\t\t\t<\/div>\n\t\t\t\t\t\t\n\t\t\t\t\t\t<span class=\"elementor-icon-list-text\">FONDCF realiza reuni\u00e3o na sede da Andifes<\/span>\n\n\t\t\t\t\t\t\t\t\t\t\t<\/div>\n\t\t\t\t<\/a>\n\t\t\t<\/li>\n\t\t\t\t\t<li class=\"elementor-icon-list-item col-lg-4  \">\n\t\t\t\t<a href=\"https:\/\/fondcf.andifes.org.br\/index.php\/2022\/09\/21\/diretoria-executiva-da-andifes-se-reune-com-coordenadores-de-foruns-e-colegios-de-pro-reitores-e-assessores\/\" >\n\t\t\t\t\t<img decoding=\"async\" width=\"150\" height=\"150\" src=\"https:\/\/fondcf.andifes.org.br\/wp-content\/uploads\/2025\/02\/WhatsApp-Image-2022-09-20-at-11.11.29-150x150.jpeg\" class=\"attachment-thumbnail size-thumbnail wp-post-image\" alt=\"\" \/>\t\t\t\t\t<div class=\"ekit_post_list_content_wraper\">\n\t\t\t\t\t\t\t\t\t\t\t\t\t\t\t\t\t\t<div class=\"meta-lists\">\n\t\t\t\t\t\t\t\t\t\t\t\t\t\t<span class=\"meta-date\">\n\n\t\t\t\t\t\t\t\t<i aria-hidden=\"true\" class=\"icon icon-calendar-page-empty\"><\/i>\n\t\t\t\t\t\t\t\t21 set 2022\t\t\t\t\t\t\t<\/span>\n\t\t\t\t\t\t\t\n\t\t\t\t\t\t\t\t\t\t\t\t\t\t\t\t<span class=\"meta-category\">\n\t\t\t\t\t\t\t\t\t\n\t\t\t\t\t\t\t\t\t\t<i aria-hidden=\"true\" class=\"icon icon-folder\"><\/i>\n\t\t\t\t\t\t\t\t\tNot\u00edcias\t\t\t\t\t\t\t\t\t<\/span>\n\t\t\t\t\t\t\t\t\t\t\t\t\t\t\t<\/div>\n\t\t\t\t\t\t\n\t\t\t\t\t\t<span class=\"elementor-icon-list-text\">Diretoria-executiva da Andifes se re\u00fane com coordenadores de F\u00f3runs e Col\u00e9gios de pr\u00f3-reitores e assessores<\/span>\n\n\t\t\t\t\t\t\t\t\t\t\t<\/div>\n\t\t\t\t<\/a>\n\t\t\t<\/li>\n\t\t\t\t\t<li class=\"elementor-icon-list-item col-lg-4  \">\n\t\t\t\t<a href=\"https:\/\/fondcf.andifes.org.br\/index.php\/2021\/08\/24\/diretoria-da-andifes-se-reune-com-foruns-e-colegios-assessores-em-reuniao-remota\/\" >\n\t\t\t\t\t<img decoding=\"async\" width=\"150\" height=\"150\" src=\"https:\/\/fondcf.andifes.org.br\/wp-content\/uploads\/2025\/02\/Design-sem-nome-2-300x283-1-150x150.png\" class=\"attachment-thumbnail size-thumbnail wp-post-image\" alt=\"\" \/>\t\t\t\t\t<div class=\"ekit_post_list_content_wraper\">\n\t\t\t\t\t\t\t\t\t\t\t\t\t\t\t\t\t\t<div class=\"meta-lists\">\n\t\t\t\t\t\t\t\t\t\t\t\t\t\t<span class=\"meta-date\">\n\n\t\t\t\t\t\t\t\t<i aria-hidden=\"true\" class=\"icon icon-calendar-page-empty\"><\/i>\n\t\t\t\t\t\t\t\t24 ago 2021\t\t\t\t\t\t\t<\/span>\n\t\t\t\t\t\t\t\n\t\t\t\t\t\t\t\t\t\t\t\t\t\t\t\t<span class=\"meta-category\">\n\t\t\t\t\t\t\t\t\t\n\t\t\t\t\t\t\t\t\t\t<i aria-hidden=\"true\" class=\"icon icon-folder\"><\/i>\n\t\t\t\t\t\t\t\t\tNot\u00edcias\t\t\t\t\t\t\t\t\t<\/span>\n\t\t\t\t\t\t\t\t\t\t\t\t\t\t\t<\/div>\n\t\t\t\t\t\t\n\t\t\t\t\t\t<span class=\"elementor-icon-list-text\">Diretoria da Andifes se re\u00fane com f\u00f3runs e col\u00e9gios assessores em reuni\u00e3o remota<\/span>\n\n\t\t\t\t\t\t\t\t\t\t\t<\/div>\n\t\t\t\t<\/a>\n\t\t\t<\/li>\n\t\t\t\t\t<li class=\"elementor-icon-list-item col-lg-4  \">\n\t\t\t\t<a href=\"https:\/\/fondcf.andifes.org.br\/index.php\/2021\/01\/26\/andifes-discute-conjuntura-politica-e-economica-com-colegios-e-foruns-assessores-e-entidades-da-comunidade-academica\/\" >\n\t\t\t\t\t<img loading=\"lazy\" decoding=\"async\" width=\"150\" height=\"150\" src=\"https:\/\/fondcf.andifes.org.br\/wp-content\/uploads\/2025\/02\/Reuniao-Andifes-e-entidades-da-Educacao_26.01-13-300x226-1-150x150.jpg\" class=\"attachment-thumbnail size-thumbnail wp-post-image\" alt=\"\" \/>\t\t\t\t\t<div class=\"ekit_post_list_content_wraper\">\n\t\t\t\t\t\t\t\t\t\t\t\t\t\t\t\t\t\t<div class=\"meta-lists\">\n\t\t\t\t\t\t\t\t\t\t\t\t\t\t<span class=\"meta-date\">\n\n\t\t\t\t\t\t\t\t<i aria-hidden=\"true\" class=\"icon icon-calendar-page-empty\"><\/i>\n\t\t\t\t\t\t\t\t26 jan 2021\t\t\t\t\t\t\t<\/span>\n\t\t\t\t\t\t\t\n\t\t\t\t\t\t\t\t\t\t\t\t\t\t\t\t<span class=\"meta-category\">\n\t\t\t\t\t\t\t\t\t\n\t\t\t\t\t\t\t\t\t\t<i aria-hidden=\"true\" class=\"icon icon-folder\"><\/i>\n\t\t\t\t\t\t\t\t\tNot\u00edcias\t\t\t\t\t\t\t\t\t<\/span>\n\t\t\t\t\t\t\t\t\t\t\t\t\t\t\t<\/div>\n\t\t\t\t\t\t\n\t\t\t\t\t\t<span class=\"elementor-icon-list-text\">Andifes discute conjuntura pol\u00edtica e econ\u00f4mica com col\u00e9gios e f\u00f3runs assessores e entidades da comunidade acad\u00eamica<\/span>\n\n\t\t\t\t\t\t\t\t\t\t\t<\/div>\n\t\t\t\t<\/a>\n\t\t\t<\/li>\n\t\t\t\t\t<li class=\"elementor-icon-list-item col-lg-4  \">\n\t\t\t\t<a href=\"https:\/\/fondcf.andifes.org.br\/index.php\/2020\/08\/06\/andifes-reune-foruns-e-colegios-assessores-em-reuniao-remota\/\" >\n\t\t\t\t\t<img loading=\"lazy\" decoding=\"async\" width=\"150\" height=\"150\" src=\"https:\/\/fondcf.andifes.org.br\/wp-content\/uploads\/2025\/02\/logo_fondcf_01-150x150.png\" class=\"attachment-thumbnail size-thumbnail wp-post-image\" alt=\"\" \/>\t\t\t\t\t<div class=\"ekit_post_list_content_wraper\">\n\t\t\t\t\t\t\t\t\t\t\t\t\t\t\t\t\t\t<div class=\"meta-lists\">\n\t\t\t\t\t\t\t\t\t\t\t\t\t\t<span class=\"meta-date\">\n\n\t\t\t\t\t\t\t\t<i aria-hidden=\"true\" class=\"icon icon-calendar-page-empty\"><\/i>\n\t\t\t\t\t\t\t\t06 ago 2020\t\t\t\t\t\t\t<\/span>\n\t\t\t\t\t\t\t\n\t\t\t\t\t\t\t\t\t\t\t\t\t\t\t\t<span class=\"meta-category\">\n\t\t\t\t\t\t\t\t\t\n\t\t\t\t\t\t\t\t\t\t<i aria-hidden=\"true\" class=\"icon icon-folder\"><\/i>\n\t\t\t\t\t\t\t\t\tNot\u00edcias\t\t\t\t\t\t\t\t\t<\/span>\n\t\t\t\t\t\t\t\t\t\t\t\t\t\t\t<\/div>\n\t\t\t\t\t\t\n\t\t\t\t\t\t<span class=\"elementor-icon-list-text\">Andifes re\u00fane f\u00f3runs e col\u00e9gios assessores em reuni\u00e3o remota<\/span>\n\n\t\t\t\t\t\t\t\t\t\t\t<\/div>\n\t\t\t\t<\/a>\n\t\t\t<\/li>\n\t\t\t\t\t<li class=\"elementor-icon-list-item col-lg-4  \">\n\t\t\t\t<a href=\"https:\/\/fondcf.andifes.org.br\/index.php\/2020\/04\/11\/covid-19-comunicado-andifes-04\/\" >\n\t\t\t\t\t<img loading=\"lazy\" decoding=\"async\" width=\"150\" height=\"150\" src=\"https:\/\/fondcf.andifes.org.br\/wp-content\/uploads\/2025\/02\/logo_fondcf_01-150x150.png\" class=\"attachment-thumbnail size-thumbnail wp-post-image\" alt=\"\" \/>\t\t\t\t\t<div class=\"ekit_post_list_content_wraper\">\n\t\t\t\t\t\t\t\t\t\t\t\t\t\t\t\t\t\t<div class=\"meta-lists\">\n\t\t\t\t\t\t\t\t\t\t\t\t\t\t<span class=\"meta-date\">\n\n\t\t\t\t\t\t\t\t<i aria-hidden=\"true\" class=\"icon icon-calendar-page-empty\"><\/i>\n\t\t\t\t\t\t\t\t11 abr 2020\t\t\t\t\t\t\t<\/span>\n\t\t\t\t\t\t\t\n\t\t\t\t\t\t\t\t\t\t\t\t\t\t\t\t<span class=\"meta-category\">\n\t\t\t\t\t\t\t\t\t\n\t\t\t\t\t\t\t\t\t\t<i aria-hidden=\"true\" class=\"icon icon-folder\"><\/i>\n\t\t\t\t\t\t\t\t\tNot\u00edcias\t\t\t\t\t\t\t\t\t<\/span>\n\t\t\t\t\t\t\t\t\t\t\t\t\t\t\t<\/div>\n\t\t\t\t\t\t\n\t\t\t\t\t\t<span class=\"elementor-icon-list-text\">COVID-19 Comunicado Andifes \u2013 04<\/span>\n\n\t\t\t\t\t\t\t\t\t\t\t<\/div>\n\t\t\t\t<\/a>\n\t\t\t<\/li>\n\t\t\t\t\t<li class=\"elementor-icon-list-item col-lg-4  \">\n\t\t\t\t<a href=\"https:\/\/fondcf.andifes.org.br\/index.php\/2017\/11\/07\/fondcf-recebe-secretaria-do-tesouro-nacional-e-mec-em-brasilia\/\" >\n\t\t\t\t\t<img loading=\"lazy\" decoding=\"async\" width=\"150\" height=\"150\" src=\"https:\/\/fondcf.andifes.org.br\/wp-content\/uploads\/2025\/02\/IMG_5147-1-420x280-1-150x150.jpg\" class=\"attachment-thumbnail size-thumbnail wp-post-image\" alt=\"\" \/>\t\t\t\t\t<div class=\"ekit_post_list_content_wraper\">\n\t\t\t\t\t\t\t\t\t\t\t\t\t\t\t\t\t\t<div class=\"meta-lists\">\n\t\t\t\t\t\t\t\t\t\t\t\t\t\t<span class=\"meta-date\">\n\n\t\t\t\t\t\t\t\t<i aria-hidden=\"true\" class=\"icon icon-calendar-page-empty\"><\/i>\n\t\t\t\t\t\t\t\t07 nov 2017\t\t\t\t\t\t\t<\/span>\n\t\t\t\t\t\t\t\n\t\t\t\t\t\t\t\t\t\t\t\t\t\t\t\t<span class=\"meta-category\">\n\t\t\t\t\t\t\t\t\t\n\t\t\t\t\t\t\t\t\t\t<i aria-hidden=\"true\" class=\"icon icon-folder\"><\/i>\n\t\t\t\t\t\t\t\t\tNot\u00edcias\t\t\t\t\t\t\t\t\t<\/span>\n\t\t\t\t\t\t\t\t\t\t\t\t\t\t\t<\/div>\n\t\t\t\t\t\t\n\t\t\t\t\t\t<span class=\"elementor-icon-list-text\">FONDCF recebe Secretaria do Tesouro Nacional e MEC em Bras\u00edlia<\/span>\n\n\t\t\t\t\t\t\t\t\t\t\t<\/div>\n\t\t\t\t<\/a>\n\t\t\t<\/li>\n\t\t\t\t\t<li class=\"elementor-icon-list-item col-lg-4  \">\n\t\t\t\t<a href=\"https:\/\/fondcf.andifes.org.br\/index.php\/2016\/04\/27\/unila-sedia-encontro-de-diretores-de-contabilidade-e-financas\/\" >\n\t\t\t\t\t<img loading=\"lazy\" decoding=\"async\" width=\"150\" height=\"150\" src=\"https:\/\/fondcf.andifes.org.br\/wp-content\/uploads\/2025\/02\/logo_fondcf_01-150x150.png\" class=\"attachment-thumbnail size-thumbnail wp-post-image\" alt=\"\" \/>\t\t\t\t\t<div class=\"ekit_post_list_content_wraper\">\n\t\t\t\t\t\t\t\t\t\t\t\t\t\t\t\t\t\t<div class=\"meta-lists\">\n\t\t\t\t\t\t\t\t\t\t\t\t\t\t<span class=\"meta-date\">\n\n\t\t\t\t\t\t\t\t<i aria-hidden=\"true\" class=\"icon icon-calendar-page-empty\"><\/i>\n\t\t\t\t\t\t\t\t27 abr 2016\t\t\t\t\t\t\t<\/span>\n\t\t\t\t\t\t\t\n\t\t\t\t\t\t\t\t\t\t\t\t\t\t\t\t<span class=\"meta-category\">\n\t\t\t\t\t\t\t\t\t\n\t\t\t\t\t\t\t\t\t\t<i aria-hidden=\"true\" class=\"icon icon-folder\"><\/i>\n\t\t\t\t\t\t\t\t\tNot\u00edcias\t\t\t\t\t\t\t\t\t<\/span>\n\t\t\t\t\t\t\t\t\t\t\t\t\t\t\t<\/div>\n\t\t\t\t\t\t\n\t\t\t\t\t\t<span class=\"elementor-icon-list-text\">UNILA sedia encontro de diretores de contabilidade e finan\u00e7as<\/span>\n\n\t\t\t\t\t\t\t\t\t\t\t<\/div>\n\t\t\t\t<\/a>\n\t\t\t<\/li>\n\t\t\t\t\t<li class=\"elementor-icon-list-item col-lg-4  \">\n\t\t\t\t<a href=\"https:\/\/fondcf.andifes.org.br\/index.php\/2015\/05\/14\/ufrn-sedia-reuniao-do-forum-de-diretores-contabeis-de-ifes\/\" >\n\t\t\t\t\t<img loading=\"lazy\" decoding=\"async\" width=\"150\" height=\"150\" src=\"https:\/\/fondcf.andifes.org.br\/wp-content\/uploads\/2025\/02\/logo_fondcf_01-150x150.png\" class=\"attachment-thumbnail size-thumbnail wp-post-image\" alt=\"\" \/>\t\t\t\t\t<div class=\"ekit_post_list_content_wraper\">\n\t\t\t\t\t\t\t\t\t\t\t\t\t\t\t\t\t\t<div class=\"meta-lists\">\n\t\t\t\t\t\t\t\t\t\t\t\t\t\t<span class=\"meta-date\">\n\n\t\t\t\t\t\t\t\t<i aria-hidden=\"true\" class=\"icon icon-calendar-page-empty\"><\/i>\n\t\t\t\t\t\t\t\t14 maio 2015\t\t\t\t\t\t\t<\/span>\n\t\t\t\t\t\t\t\n\t\t\t\t\t\t\t\t\t\t\t\t\t\t\t\t<span class=\"meta-category\">\n\t\t\t\t\t\t\t\t\t\n\t\t\t\t\t\t\t\t\t\t<i aria-hidden=\"true\" class=\"icon icon-folder\"><\/i>\n\t\t\t\t\t\t\t\t\tNot\u00edcias\t\t\t\t\t\t\t\t\t<\/span>\n\t\t\t\t\t\t\t\t\t\t\t\t\t\t\t<\/div>\n\t\t\t\t\t\t\n\t\t\t\t\t\t<span class=\"elementor-icon-list-text\">UFRN sedia reuni\u00e3o do f\u00f3rum de diretores cont\u00e1beis de IFES<\/span>\n\n\t\t\t\t\t\t\t\t\t\t\t<\/div>\n\t\t\t\t<\/a>\n\t\t\t<\/li>\n\t\t\t\t\t<li class=\"elementor-icon-list-item col-lg-4  \">\n\t\t\t\t<a href=\"https:\/\/fondcf.andifes.org.br\/index.php\/2014\/11\/12\/forum-de-contabilidade-e-financas-das-universidades-se-reune-na-andifes\/\" >\n\t\t\t\t\t<img loading=\"lazy\" decoding=\"async\" width=\"150\" height=\"150\" src=\"https:\/\/fondcf.andifes.org.br\/wp-content\/uploads\/2025\/02\/FONDCF-055-150x150.jpg\" class=\"attachment-thumbnail size-thumbnail wp-post-image\" alt=\"\" \/>\t\t\t\t\t<div class=\"ekit_post_list_content_wraper\">\n\t\t\t\t\t\t\t\t\t\t\t\t\t\t\t\t\t\t<div class=\"meta-lists\">\n\t\t\t\t\t\t\t\t\t\t\t\t\t\t<span class=\"meta-date\">\n\n\t\t\t\t\t\t\t\t<i aria-hidden=\"true\" class=\"icon icon-calendar-page-empty\"><\/i>\n\t\t\t\t\t\t\t\t12 nov 2014\t\t\t\t\t\t\t<\/span>\n\t\t\t\t\t\t\t\n\t\t\t\t\t\t\t\t\t\t\t\t\t\t\t\t<span class=\"meta-category\">\n\t\t\t\t\t\t\t\t\t\n\t\t\t\t\t\t\t\t\t\t<i aria-hidden=\"true\" class=\"icon icon-folder\"><\/i>\n\t\t\t\t\t\t\t\t\tNot\u00edcias\t\t\t\t\t\t\t\t\t<\/span>\n\t\t\t\t\t\t\t\t\t\t\t\t\t\t\t<\/div>\n\t\t\t\t\t\t\n\t\t\t\t\t\t<span class=\"elementor-icon-list-text\">F\u00f3rum de Contabilidade e Finan\u00e7as das universidades se re\u00fane na Andifes<\/span>\n\n\t\t\t\t\t\t\t\t\t\t\t<\/div>\n\t\t\t\t<\/a>\n\t\t\t<\/li>\n\t\t\t\t<\/ul>\n\t\t<\/div>\t\t\t\t<\/div>\n\t\t\t\t<\/div>\n\t\t\t\t\t<\/div>\n\t\t\t\t<\/div>\n\t\t\t\t\t<\/div>\n\t\t\t\t<\/div>\n\t\t\t\t<\/div>\n\t\t","protected":false},"excerpt":{"rendered":"<p>Not\u00edcias 21 nov 2024 Not\u00edcias FONDCF realiza reuni\u00e3o na sede da Andifes 21 set 2022 Not\u00edcias Diretoria-executiva da Andifes se re\u00fane com coordenadores de F\u00f3runs e Col\u00e9gios de pr\u00f3-reitores e assessores 24 ago 2021 Not\u00edcias Diretoria da Andifes se re\u00fane com f\u00f3runs e col\u00e9gios assessores em reuni\u00e3o remota 26 jan 2021 Not\u00edcias Andifes discute conjuntura [&hellip;]<\/p>\n","protected":false},"author":1,"featured_media":0,"parent":0,"menu_order":0,"comment_status":"closed","ping_status":"closed","template":"elementor_header_footer","meta":{"footnotes":""},"class_list":["post-18","page","type-page","status-publish","hentry"],"_links":{"self":[{"href":"https:\/\/fondcf.andifes.org.br\/index.php\/wp-json\/wp\/v2\/pages\/18","targetHints":{"allow":["GET"]}}],"collection":[{"href":"https:\/\/fondcf.andifes.org.br\/index.php\/wp-json\/wp\/v2\/pages"}],"about":[{"href":"https:\/\/fondcf.andifes.org.br\/index.php\/wp-json\/wp\/v2\/types\/page"}],"author":[{"embeddable":true,"href":"https:\/\/fondcf.andifes.org.br\/index.php\/wp-json\/wp\/v2\/users\/1"}],"replies":[{"embeddable":true,"href":"https:\/\/fondcf.andifes.org.br\/index.php\/wp-json\/wp\/v2\/comments?post=18"}],"version-history":[{"count":31,"href":"https:\/\/fondcf.andifes.org.br\/index.php\/wp-json\/wp\/v2\/pages\/18\/revisions"}],"predecessor-version":[{"id":528,"href":"https:\/\/fondcf.andifes.org.br\/index.php\/wp-json\/wp\/v2\/pages\/18\/revisions\/528"}],"wp:attachment":[{"href":"https:\/\/fondcf.andifes.org.br\/index.php\/wp-json\/wp\/v2\/media?parent=18"}],"curies":[{"name":"wp","href":"https:\/\/api.w.org\/{rel}","templated":true}]}}