{"id":16,"date":"2025-02-13T09:52:08","date_gmt":"2025-02-13T12:52:08","guid":{"rendered":"http:\/\/fondcf.andifes.org.br\/?page_id=16"},"modified":"2025-09-11T17:32:48","modified_gmt":"2025-09-11T20:32:48","slug":"multimidia","status":"publish","type":"page","link":"https:\/\/fondcf.andifes.org.br\/index.php\/multimidia\/","title":{"rendered":"Multim\u00eddia"},"content":{"rendered":"\t\t<div data-elementor-type=\"wp-page\" data-elementor-id=\"16\" class=\"elementor elementor-16\">\n\t\t\t\t<div class=\"elementor-element elementor-element-1d5835c e-flex e-con-boxed e-con e-parent\" data-id=\"1d5835c\" data-element_type=\"container\">\n\t\t\t\t\t<div class=\"e-con-inner\">\n\t\t<div class=\"elementor-element elementor-element-11375b7 e-flex e-con-boxed e-con e-child\" data-id=\"11375b7\" data-element_type=\"container\" data-settings=\"{&quot;background_background&quot;:&quot;classic&quot;}\">\n\t\t\t\t\t<div class=\"e-con-inner\">\n\t\t\t\t<div class=\"elementor-element elementor-element-e7b82a8 elementor-widget elementor-widget-heading\" data-id=\"e7b82a8\" data-element_type=\"widget\" data-widget_type=\"heading.default\">\n\t\t\t\t<div class=\"elementor-widget-container\">\n\t\t\t\t\t<h2 class=\"elementor-heading-title elementor-size-default\">Multim\u00eddia<\/h2>\t\t\t\t<\/div>\n\t\t\t\t<\/div>\n\t\t\t\t<div class=\"elementor-element elementor-element-3c7de9d elementor-widget elementor-widget-elementskit-post-list\" data-id=\"3c7de9d\" data-element_type=\"widget\" data-widget_type=\"elementskit-post-list.default\">\n\t\t\t\t<div class=\"elementor-widget-container\">\n\t\t\t\t\t<div class=\"ekit-wid-con\" >\t\t<ul class=\"elementor-icon-list-items ekit-post-list-wrapper  elementor-inline-items\">\n\t\t\t\t\t\t<li class=\"elementor-icon-list-item col-lg-4  \">\n\t\t\t\t<a href=\"https:\/\/fondcf.andifes.org.br\/index.php\/2024\/11\/22\/xxxv-reuniao-ordinaria-do-fondcf\/\" >\n\t\t\t\t\t<img fetchpriority=\"high\" decoding=\"async\" width=\"300\" height=\"200\" src=\"https:\/\/fondcf.andifes.org.br\/wp-content\/uploads\/2025\/02\/XXXV_Reuniao-01-300x200.jpg\" class=\"attachment-medium size-medium wp-post-image\" alt=\"\" srcset=\"https:\/\/fondcf.andifes.org.br\/wp-content\/uploads\/2025\/02\/XXXV_Reuniao-01-300x200.jpg 300w, https:\/\/fondcf.andifes.org.br\/wp-content\/uploads\/2025\/02\/XXXV_Reuniao-01-1024x683.jpg 1024w, https:\/\/fondcf.andifes.org.br\/wp-content\/uploads\/2025\/02\/XXXV_Reuniao-01-768x512.jpg 768w, https:\/\/fondcf.andifes.org.br\/wp-content\/uploads\/2025\/02\/XXXV_Reuniao-01-1536x1024.jpg 1536w, https:\/\/fondcf.andifes.org.br\/wp-content\/uploads\/2025\/02\/XXXV_Reuniao-01.jpg 1920w\" sizes=\"(max-width: 300px) 100vw, 300px\" \/>\t\t\t\t\t<div class=\"ekit_post_list_content_wraper\">\n\t\t\t\t\t\t\t\t\t\t\t\t\t\t\t\t\t\t<div class=\"meta-lists\">\n\t\t\t\t\t\t\t\t\t\t\t\t\t\t<span class=\"meta-date\">\n\n\t\t\t\t\t\t\t\t<i aria-hidden=\"true\" class=\"icon icon-calendar-page-empty\"><\/i>\n\t\t\t\t\t\t\t\t22 nov 2024\t\t\t\t\t\t\t<\/span>\n\t\t\t\t\t\t\t\n\t\t\t\t\t\t\t\t\t\t\t\t\t\t\t\t<span class=\"meta-category\">\n\t\t\t\t\t\t\t\t\t\n\t\t\t\t\t\t\t\t\t\t<i aria-hidden=\"true\" class=\"icon icon-folder\"><\/i>\n\t\t\t\t\t\t\t\t\tMultim\u00eddia\t\t\t\t\t\t\t\t\t<\/span>\n\t\t\t\t\t\t\t\t\t\t\t\t\t\t\t<\/div>\n\t\t\t\t\t\t\n\t\t\t\t\t\t<span class=\"elementor-icon-list-text\">XXXV Reuni\u00e3o Ordin\u00e1ria do (FONDCF)<\/span>\n\n\t\t\t\t\t\t\t\t\t\t\t<\/div>\n\t\t\t\t<\/a>\n\t\t\t<\/li>\n\t\t\t\t\t<li class=\"elementor-icon-list-item col-lg-4  \">\n\t\t\t\t<a href=\"https:\/\/fondcf.andifes.org.br\/index.php\/2024\/05\/20\/xxxiv-reuniao-ordinaria-fondcf-planilha-escrituracao-efd-reinf-experiencia-da-ufpi-e-da-ufu-ebserh\/\" >\n\t\t\t\t\t<img decoding=\"async\" width=\"300\" height=\"200\" src=\"https:\/\/fondcf.andifes.org.br\/wp-content\/uploads\/2025\/02\/XXXIV_Reuniao-01-300x200.jpg\" class=\"attachment-medium size-medium wp-post-image\" alt=\"\" srcset=\"https:\/\/fondcf.andifes.org.br\/wp-content\/uploads\/2025\/02\/XXXIV_Reuniao-01-300x200.jpg 300w, https:\/\/fondcf.andifes.org.br\/wp-content\/uploads\/2025\/02\/XXXIV_Reuniao-01-1024x683.jpg 1024w, https:\/\/fondcf.andifes.org.br\/wp-content\/uploads\/2025\/02\/XXXIV_Reuniao-01-768x512.jpg 768w, https:\/\/fondcf.andifes.org.br\/wp-content\/uploads\/2025\/02\/XXXIV_Reuniao-01-1536x1024.jpg 1536w, https:\/\/fondcf.andifes.org.br\/wp-content\/uploads\/2025\/02\/XXXIV_Reuniao-01.jpg 1920w\" sizes=\"(max-width: 300px) 100vw, 300px\" \/>\t\t\t\t\t<div class=\"ekit_post_list_content_wraper\">\n\t\t\t\t\t\t\t\t\t\t\t\t\t\t\t\t\t\t<div class=\"meta-lists\">\n\t\t\t\t\t\t\t\t\t\t\t\t\t\t<span class=\"meta-date\">\n\n\t\t\t\t\t\t\t\t<i aria-hidden=\"true\" class=\"icon icon-calendar-page-empty\"><\/i>\n\t\t\t\t\t\t\t\t20 maio 2024\t\t\t\t\t\t\t<\/span>\n\t\t\t\t\t\t\t\n\t\t\t\t\t\t\t\t\t\t\t\t\t\t\t\t<span class=\"meta-category\">\n\t\t\t\t\t\t\t\t\t\n\t\t\t\t\t\t\t\t\t\t<i aria-hidden=\"true\" class=\"icon icon-folder\"><\/i>\n\t\t\t\t\t\t\t\t\tMultim\u00eddia\t\t\t\t\t\t\t\t\t<\/span>\n\t\t\t\t\t\t\t\t\t\t\t\t\t\t\t<\/div>\n\t\t\t\t\t\t\n\t\t\t\t\t\t<span class=\"elementor-icon-list-text\">XXXIV Reuni\u00e3o Ordin\u00e1ria FONDCF - Planilha Escritura\u00e7\u00e3o EFD-REINF-experi\u00eancia da UFPI e da UFU\/EBSERH<\/span>\n\n\t\t\t\t\t\t\t\t\t\t\t<\/div>\n\t\t\t\t<\/a>\n\t\t\t<\/li>\n\t\t\t\t\t<li class=\"elementor-icon-list-item col-lg-4  \">\n\t\t\t\t<a href=\"https:\/\/fondcf.andifes.org.br\/index.php\/2024\/05\/15\/forum-dos-contadores-fondcf-que-o-departamento-de-gestao-financeira\/\" >\n\t\t\t\t\t<img decoding=\"async\" width=\"300\" height=\"200\" src=\"https:\/\/fondcf.andifes.org.br\/wp-content\/uploads\/2024\/05\/Reuniao-15-05-2024-300x200.jpg\" class=\"attachment-medium size-medium wp-post-image\" alt=\"\" srcset=\"https:\/\/fondcf.andifes.org.br\/wp-content\/uploads\/2024\/05\/Reuniao-15-05-2024-300x200.jpg 300w, https:\/\/fondcf.andifes.org.br\/wp-content\/uploads\/2024\/05\/Reuniao-15-05-2024-1024x683.jpg 1024w, https:\/\/fondcf.andifes.org.br\/wp-content\/uploads\/2024\/05\/Reuniao-15-05-2024-768x512.jpg 768w, https:\/\/fondcf.andifes.org.br\/wp-content\/uploads\/2024\/05\/Reuniao-15-05-2024-1536x1024.jpg 1536w, https:\/\/fondcf.andifes.org.br\/wp-content\/uploads\/2024\/05\/Reuniao-15-05-2024.jpg 1920w\" sizes=\"(max-width: 300px) 100vw, 300px\" \/>\t\t\t\t\t<div class=\"ekit_post_list_content_wraper\">\n\t\t\t\t\t\t\t\t\t\t\t\t\t\t\t\t\t\t<div class=\"meta-lists\">\n\t\t\t\t\t\t\t\t\t\t\t\t\t\t<span class=\"meta-date\">\n\n\t\t\t\t\t\t\t\t<i aria-hidden=\"true\" class=\"icon icon-calendar-page-empty\"><\/i>\n\t\t\t\t\t\t\t\t15 maio 2024\t\t\t\t\t\t\t<\/span>\n\t\t\t\t\t\t\t\n\t\t\t\t\t\t\t\t\t\t\t\t\t\t\t\t<span class=\"meta-category\">\n\t\t\t\t\t\t\t\t\t\n\t\t\t\t\t\t\t\t\t\t<i aria-hidden=\"true\" class=\"icon icon-folder\"><\/i>\n\t\t\t\t\t\t\t\t\tMultim\u00eddia\t\t\t\t\t\t\t\t\t<\/span>\n\t\t\t\t\t\t\t\t\t\t\t\t\t\t\t<\/div>\n\t\t\t\t\t\t\n\t\t\t\t\t\t<span class=\"elementor-icon-list-text\">F\u00f3rum dos Contadores (FONDCF) que o Departamento de Gest\u00e3o Financeira<\/span>\n\n\t\t\t\t\t\t\t\t\t\t\t<\/div>\n\t\t\t\t<\/a>\n\t\t\t<\/li>\n\t\t\t\t\t<li class=\"elementor-icon-list-item col-lg-4  \">\n\t\t\t\t<a href=\"https:\/\/fondcf.andifes.org.br\/index.php\/2022\/03\/28\/xxxii-reuniao-ordinaria-do-fondcf-28-de-marco-de-2022\/\" >\n\t\t\t\t\t<img loading=\"lazy\" decoding=\"async\" width=\"300\" height=\"200\" src=\"https:\/\/fondcf.andifes.org.br\/wp-content\/uploads\/2025\/02\/XXXII_Reuniao-01-300x200.jpg\" class=\"attachment-medium size-medium wp-post-image\" alt=\"\" srcset=\"https:\/\/fondcf.andifes.org.br\/wp-content\/uploads\/2025\/02\/XXXII_Reuniao-01-300x200.jpg 300w, https:\/\/fondcf.andifes.org.br\/wp-content\/uploads\/2025\/02\/XXXII_Reuniao-01-1024x683.jpg 1024w, https:\/\/fondcf.andifes.org.br\/wp-content\/uploads\/2025\/02\/XXXII_Reuniao-01-768x512.jpg 768w, https:\/\/fondcf.andifes.org.br\/wp-content\/uploads\/2025\/02\/XXXII_Reuniao-01-1536x1024.jpg 1536w, https:\/\/fondcf.andifes.org.br\/wp-content\/uploads\/2025\/02\/XXXII_Reuniao-01.jpg 1920w\" sizes=\"(max-width: 300px) 100vw, 300px\" \/>\t\t\t\t\t<div class=\"ekit_post_list_content_wraper\">\n\t\t\t\t\t\t\t\t\t\t\t\t\t\t\t\t\t\t<div class=\"meta-lists\">\n\t\t\t\t\t\t\t\t\t\t\t\t\t\t<span class=\"meta-date\">\n\n\t\t\t\t\t\t\t\t<i aria-hidden=\"true\" class=\"icon icon-calendar-page-empty\"><\/i>\n\t\t\t\t\t\t\t\t28 mar 2022\t\t\t\t\t\t\t<\/span>\n\t\t\t\t\t\t\t\n\t\t\t\t\t\t\t\t\t\t\t\t\t\t\t\t<span class=\"meta-category\">\n\t\t\t\t\t\t\t\t\t\n\t\t\t\t\t\t\t\t\t\t<i aria-hidden=\"true\" class=\"icon icon-folder\"><\/i>\n\t\t\t\t\t\t\t\t\tMultim\u00eddia\t\t\t\t\t\t\t\t\t<\/span>\n\t\t\t\t\t\t\t\t\t\t\t\t\t\t\t<\/div>\n\t\t\t\t\t\t\n\t\t\t\t\t\t<span class=\"elementor-icon-list-text\">XXXII Reuni\u00e3o Ordin\u00e1ria do FONDCF - 28 de mar\u00e7o de 2022<\/span>\n\n\t\t\t\t\t\t\t\t\t\t\t<\/div>\n\t\t\t\t<\/a>\n\t\t\t<\/li>\n\t\t\t\t\t<li class=\"elementor-icon-list-item col-lg-4  \">\n\t\t\t\t<a href=\"https:\/\/fondcf.andifes.org.br\/index.php\/2021\/06\/23\/xxi-forum-nacional-dos-diretores-de-contabilidade-e-financas-das-universidades-federais-fondcf\/\" >\n\t\t\t\t\t<img loading=\"lazy\" decoding=\"async\" width=\"300\" height=\"200\" src=\"https:\/\/fondcf.andifes.org.br\/wp-content\/uploads\/2025\/02\/XXI_Reuniao-01-300x200.jpg\" class=\"attachment-medium size-medium wp-post-image\" alt=\"\" srcset=\"https:\/\/fondcf.andifes.org.br\/wp-content\/uploads\/2025\/02\/XXI_Reuniao-01-300x200.jpg 300w, https:\/\/fondcf.andifes.org.br\/wp-content\/uploads\/2025\/02\/XXI_Reuniao-01-1024x683.jpg 1024w, https:\/\/fondcf.andifes.org.br\/wp-content\/uploads\/2025\/02\/XXI_Reuniao-01-768x512.jpg 768w, https:\/\/fondcf.andifes.org.br\/wp-content\/uploads\/2025\/02\/XXI_Reuniao-01-1536x1024.jpg 1536w, https:\/\/fondcf.andifes.org.br\/wp-content\/uploads\/2025\/02\/XXI_Reuniao-01.jpg 1920w\" sizes=\"(max-width: 300px) 100vw, 300px\" \/>\t\t\t\t\t<div class=\"ekit_post_list_content_wraper\">\n\t\t\t\t\t\t\t\t\t\t\t\t\t\t\t\t\t\t<div class=\"meta-lists\">\n\t\t\t\t\t\t\t\t\t\t\t\t\t\t<span class=\"meta-date\">\n\n\t\t\t\t\t\t\t\t<i aria-hidden=\"true\" class=\"icon icon-calendar-page-empty\"><\/i>\n\t\t\t\t\t\t\t\t23 jun 2021\t\t\t\t\t\t\t<\/span>\n\t\t\t\t\t\t\t\n\t\t\t\t\t\t\t\t\t\t\t\t\t\t\t\t<span class=\"meta-category\">\n\t\t\t\t\t\t\t\t\t\n\t\t\t\t\t\t\t\t\t\t<i aria-hidden=\"true\" class=\"icon icon-folder\"><\/i>\n\t\t\t\t\t\t\t\t\tMultim\u00eddia\t\t\t\t\t\t\t\t\t<\/span>\n\t\t\t\t\t\t\t\t\t\t\t\t\t\t\t<\/div>\n\t\t\t\t\t\t\n\t\t\t\t\t\t<span class=\"elementor-icon-list-text\">XXI F\u00f3rum Nacional dos Diretores de Contabilidade e Finan\u00e7as das Universidades Federais (FONDCF)<\/span>\n\n\t\t\t\t\t\t\t\t\t\t\t<\/div>\n\t\t\t\t<\/a>\n\t\t\t<\/li>\n\t\t\t\t\t<li class=\"elementor-icon-list-item col-lg-4  \">\n\t\t\t\t<a href=\"https:\/\/fondcf.andifes.org.br\/index.php\/2020\/12\/14\/xxxi-reuniao-extraordinaria-do-fondcf\/\" >\n\t\t\t\t\t<img loading=\"lazy\" decoding=\"async\" width=\"300\" height=\"200\" src=\"https:\/\/fondcf.andifes.org.br\/wp-content\/uploads\/2025\/02\/XXXI_Reuniao-01-300x200.jpg\" class=\"attachment-medium size-medium wp-post-image\" alt=\"\" srcset=\"https:\/\/fondcf.andifes.org.br\/wp-content\/uploads\/2025\/02\/XXXI_Reuniao-01-300x200.jpg 300w, https:\/\/fondcf.andifes.org.br\/wp-content\/uploads\/2025\/02\/XXXI_Reuniao-01-1024x683.jpg 1024w, https:\/\/fondcf.andifes.org.br\/wp-content\/uploads\/2025\/02\/XXXI_Reuniao-01-768x512.jpg 768w, https:\/\/fondcf.andifes.org.br\/wp-content\/uploads\/2025\/02\/XXXI_Reuniao-01-1536x1024.jpg 1536w, https:\/\/fondcf.andifes.org.br\/wp-content\/uploads\/2025\/02\/XXXI_Reuniao-01.jpg 1920w\" sizes=\"(max-width: 300px) 100vw, 300px\" \/>\t\t\t\t\t<div class=\"ekit_post_list_content_wraper\">\n\t\t\t\t\t\t\t\t\t\t\t\t\t\t\t\t\t\t<div class=\"meta-lists\">\n\t\t\t\t\t\t\t\t\t\t\t\t\t\t<span class=\"meta-date\">\n\n\t\t\t\t\t\t\t\t<i aria-hidden=\"true\" class=\"icon icon-calendar-page-empty\"><\/i>\n\t\t\t\t\t\t\t\t14 dez 2020\t\t\t\t\t\t\t<\/span>\n\t\t\t\t\t\t\t\n\t\t\t\t\t\t\t\t\t\t\t\t\t\t\t\t<span class=\"meta-category\">\n\t\t\t\t\t\t\t\t\t\n\t\t\t\t\t\t\t\t\t\t<i aria-hidden=\"true\" class=\"icon icon-folder\"><\/i>\n\t\t\t\t\t\t\t\t\tMultim\u00eddia\t\t\t\t\t\t\t\t\t<\/span>\n\t\t\t\t\t\t\t\t\t\t\t\t\t\t\t<\/div>\n\t\t\t\t\t\t\n\t\t\t\t\t\t<span class=\"elementor-icon-list-text\">XXXI Reuni\u00e3o Extraordin\u00e1ria do FONDCF<\/span>\n\n\t\t\t\t\t\t\t\t\t\t\t<\/div>\n\t\t\t\t<\/a>\n\t\t\t<\/li>\n\t\t\t\t\t<li class=\"elementor-icon-list-item col-lg-4  \">\n\t\t\t\t<a href=\"https:\/\/fondcf.andifes.org.br\/index.php\/2020\/09\/15\/i-encontro-online-fondcf-gestao-de-riscos-e-governanca-nas-ife\/\" >\n\t\t\t\t\t<img loading=\"lazy\" decoding=\"async\" width=\"300\" height=\"200\" src=\"https:\/\/fondcf.andifes.org.br\/wp-content\/uploads\/2025\/02\/Reuniao-15-09-20-300x200.jpg\" class=\"attachment-medium size-medium wp-post-image\" alt=\"\" srcset=\"https:\/\/fondcf.andifes.org.br\/wp-content\/uploads\/2025\/02\/Reuniao-15-09-20-300x200.jpg 300w, https:\/\/fondcf.andifes.org.br\/wp-content\/uploads\/2025\/02\/Reuniao-15-09-20-1024x683.jpg 1024w, https:\/\/fondcf.andifes.org.br\/wp-content\/uploads\/2025\/02\/Reuniao-15-09-20-768x512.jpg 768w, https:\/\/fondcf.andifes.org.br\/wp-content\/uploads\/2025\/02\/Reuniao-15-09-20-1536x1024.jpg 1536w, https:\/\/fondcf.andifes.org.br\/wp-content\/uploads\/2025\/02\/Reuniao-15-09-20.jpg 1920w\" sizes=\"(max-width: 300px) 100vw, 300px\" \/>\t\t\t\t\t<div class=\"ekit_post_list_content_wraper\">\n\t\t\t\t\t\t\t\t\t\t\t\t\t\t\t\t\t\t<div class=\"meta-lists\">\n\t\t\t\t\t\t\t\t\t\t\t\t\t\t<span class=\"meta-date\">\n\n\t\t\t\t\t\t\t\t<i aria-hidden=\"true\" class=\"icon icon-calendar-page-empty\"><\/i>\n\t\t\t\t\t\t\t\t15 set 2020\t\t\t\t\t\t\t<\/span>\n\t\t\t\t\t\t\t\n\t\t\t\t\t\t\t\t\t\t\t\t\t\t\t\t<span class=\"meta-category\">\n\t\t\t\t\t\t\t\t\t\n\t\t\t\t\t\t\t\t\t\t<i aria-hidden=\"true\" class=\"icon icon-folder\"><\/i>\n\t\t\t\t\t\t\t\t\tMultim\u00eddia\t\t\t\t\t\t\t\t\t<\/span>\n\t\t\t\t\t\t\t\t\t\t\t\t\t\t\t<\/div>\n\t\t\t\t\t\t\n\t\t\t\t\t\t<span class=\"elementor-icon-list-text\">I Encontro Online FONDCF: Gest\u00e3o de Riscos e Governan\u00e7a nas IFE<\/span>\n\n\t\t\t\t\t\t\t\t\t\t\t<\/div>\n\t\t\t\t<\/a>\n\t\t\t<\/li>\n\t\t\t\t\t<li class=\"elementor-icon-list-item col-lg-4  \">\n\t\t\t\t<a href=\"https:\/\/fondcf.andifes.org.br\/index.php\/2020\/06\/17\/reuniao-do-fondcf\/\" >\n\t\t\t\t\t<img loading=\"lazy\" decoding=\"async\" width=\"300\" height=\"200\" src=\"https:\/\/fondcf.andifes.org.br\/wp-content\/uploads\/2025\/02\/Reuniao-17-06-2020-300x200.jpg\" class=\"attachment-medium size-medium wp-post-image\" alt=\"\" srcset=\"https:\/\/fondcf.andifes.org.br\/wp-content\/uploads\/2025\/02\/Reuniao-17-06-2020-300x200.jpg 300w, https:\/\/fondcf.andifes.org.br\/wp-content\/uploads\/2025\/02\/Reuniao-17-06-2020-1024x683.jpg 1024w, https:\/\/fondcf.andifes.org.br\/wp-content\/uploads\/2025\/02\/Reuniao-17-06-2020-768x512.jpg 768w, https:\/\/fondcf.andifes.org.br\/wp-content\/uploads\/2025\/02\/Reuniao-17-06-2020-1536x1024.jpg 1536w, https:\/\/fondcf.andifes.org.br\/wp-content\/uploads\/2025\/02\/Reuniao-17-06-2020.jpg 1920w\" sizes=\"(max-width: 300px) 100vw, 300px\" \/>\t\t\t\t\t<div class=\"ekit_post_list_content_wraper\">\n\t\t\t\t\t\t\t\t\t\t\t\t\t\t\t\t\t\t<div class=\"meta-lists\">\n\t\t\t\t\t\t\t\t\t\t\t\t\t\t<span class=\"meta-date\">\n\n\t\t\t\t\t\t\t\t<i aria-hidden=\"true\" class=\"icon icon-calendar-page-empty\"><\/i>\n\t\t\t\t\t\t\t\t17 jun 2020\t\t\t\t\t\t\t<\/span>\n\t\t\t\t\t\t\t\n\t\t\t\t\t\t\t\t\t\t\t\t\t\t\t\t<span class=\"meta-category\">\n\t\t\t\t\t\t\t\t\t\n\t\t\t\t\t\t\t\t\t\t<i aria-hidden=\"true\" class=\"icon icon-folder\"><\/i>\n\t\t\t\t\t\t\t\t\tMultim\u00eddia\t\t\t\t\t\t\t\t\t<\/span>\n\t\t\t\t\t\t\t\t\t\t\t\t\t\t\t<\/div>\n\t\t\t\t\t\t\n\t\t\t\t\t\t<span class=\"elementor-icon-list-text\">Reuni\u00e3o do FONDCF<\/span>\n\n\t\t\t\t\t\t\t\t\t\t\t<\/div>\n\t\t\t\t<\/a>\n\t\t\t<\/li>\n\t\t\t\t\t<li class=\"elementor-icon-list-item col-lg-4  \">\n\t\t\t\t<a href=\"https:\/\/fondcf.andifes.org.br\/index.php\/2019\/05\/19\/xxx-reuniao-ordinaria-do-fondcf\/\" >\n\t\t\t\t\t<img loading=\"lazy\" decoding=\"async\" width=\"300\" height=\"200\" src=\"https:\/\/fondcf.andifes.org.br\/wp-content\/uploads\/2025\/02\/XXX_Reuniao-01-300x200.jpg\" class=\"attachment-medium size-medium wp-post-image\" alt=\"\" srcset=\"https:\/\/fondcf.andifes.org.br\/wp-content\/uploads\/2025\/02\/XXX_Reuniao-01-300x200.jpg 300w, https:\/\/fondcf.andifes.org.br\/wp-content\/uploads\/2025\/02\/XXX_Reuniao-01-1024x683.jpg 1024w, https:\/\/fondcf.andifes.org.br\/wp-content\/uploads\/2025\/02\/XXX_Reuniao-01-768x512.jpg 768w, https:\/\/fondcf.andifes.org.br\/wp-content\/uploads\/2025\/02\/XXX_Reuniao-01-1536x1024.jpg 1536w, https:\/\/fondcf.andifes.org.br\/wp-content\/uploads\/2025\/02\/XXX_Reuniao-01.jpg 1920w\" sizes=\"(max-width: 300px) 100vw, 300px\" \/>\t\t\t\t\t<div class=\"ekit_post_list_content_wraper\">\n\t\t\t\t\t\t\t\t\t\t\t\t\t\t\t\t\t\t<div class=\"meta-lists\">\n\t\t\t\t\t\t\t\t\t\t\t\t\t\t<span class=\"meta-date\">\n\n\t\t\t\t\t\t\t\t<i aria-hidden=\"true\" class=\"icon icon-calendar-page-empty\"><\/i>\n\t\t\t\t\t\t\t\t19 maio 2019\t\t\t\t\t\t\t<\/span>\n\t\t\t\t\t\t\t\n\t\t\t\t\t\t\t\t\t\t\t\t\t\t\t\t<span class=\"meta-category\">\n\t\t\t\t\t\t\t\t\t\n\t\t\t\t\t\t\t\t\t\t<i aria-hidden=\"true\" class=\"icon icon-folder\"><\/i>\n\t\t\t\t\t\t\t\t\tMultim\u00eddia\t\t\t\t\t\t\t\t\t<\/span>\n\t\t\t\t\t\t\t\t\t\t\t\t\t\t\t<\/div>\n\t\t\t\t\t\t\n\t\t\t\t\t\t<span class=\"elementor-icon-list-text\">XXX Reuni\u00e3o Ordin\u00e1ria do FONDCF<\/span>\n\n\t\t\t\t\t\t\t\t\t\t\t<\/div>\n\t\t\t\t<\/a>\n\t\t\t<\/li>\n\t\t\t\t<\/ul>\n\t\t<\/div>\t\t\t\t<\/div>\n\t\t\t\t<\/div>\n\t\t\t\t\t<\/div>\n\t\t\t\t<\/div>\n\t\t\t\t\t<\/div>\n\t\t\t\t<\/div>\n\t\t\t\t<\/div>\n\t\t","protected":false},"excerpt":{"rendered":"<p>Multim\u00eddia 22 nov 2024 Multim\u00eddia XXXV Reuni\u00e3o Ordin\u00e1ria do (FONDCF) 20 maio 2024 Multim\u00eddia XXXIV Reuni\u00e3o Ordin\u00e1ria FONDCF &#8211; Planilha Escritura\u00e7\u00e3o EFD-REINF-experi\u00eancia da UFPI e da UFU\/EBSERH 15 maio 2024 Multim\u00eddia F\u00f3rum dos Contadores (FONDCF) que o Departamento de Gest\u00e3o Financeira 28 mar 2022 Multim\u00eddia XXXII Reuni\u00e3o Ordin\u00e1ria do FONDCF &#8211; 28 de mar\u00e7o de [&hellip;]<\/p>\n","protected":false},"author":1,"featured_media":0,"parent":0,"menu_order":0,"comment_status":"closed","ping_status":"closed","template":"elementor_header_footer","meta":{"footnotes":""},"class_list":["post-16","page","type-page","status-publish","hentry"],"_links":{"self":[{"href":"https:\/\/fondcf.andifes.org.br\/index.php\/wp-json\/wp\/v2\/pages\/16","targetHints":{"allow":["GET"]}}],"collection":[{"href":"https:\/\/fondcf.andifes.org.br\/index.php\/wp-json\/wp\/v2\/pages"}],"about":[{"href":"https:\/\/fondcf.andifes.org.br\/index.php\/wp-json\/wp\/v2\/types\/page"}],"author":[{"embeddable":true,"href":"https:\/\/fondcf.andifes.org.br\/index.php\/wp-json\/wp\/v2\/users\/1"}],"replies":[{"embeddable":true,"href":"https:\/\/fondcf.andifes.org.br\/index.php\/wp-json\/wp\/v2\/comments?post=16"}],"version-history":[{"count":31,"href":"https:\/\/fondcf.andifes.org.br\/index.php\/wp-json\/wp\/v2\/pages\/16\/revisions"}],"predecessor-version":[{"id":979,"href":"https:\/\/fondcf.andifes.org.br\/index.php\/wp-json\/wp\/v2\/pages\/16\/revisions\/979"}],"wp:attachment":[{"href":"https:\/\/fondcf.andifes.org.br\/index.php\/wp-json\/wp\/v2\/media?parent=16"}],"curies":[{"name":"wp","href":"https:\/\/api.w.org\/{rel}","templated":true}]}}